{"id":927,"date":"2021-03-02T14:03:53","date_gmt":"2021-03-02T17:03:53","guid":{"rendered":"http:\/\/congressinterceei.com\/iaseie\/?page_id=927"},"modified":"2023-08-11T17:14:51","modified_gmt":"2023-08-11T20:14:51","slug":"projeto-turma-21-formacao-golden-belt-sp","status":"publish","type":"page","link":"https:\/\/congressinterceei.com\/iaseie\/index.php\/projeto-turma-21-formacao-golden-belt-sp\/","title":{"rendered":"e-book A\u00c7\u00c3O &#038; SUPERA\u00c7\u00c3O"},"content":{"rendered":"\n<div class=\"wp-block-media-text alignwide is-stacked-on-mobile\"><figure class=\"wp-block-media-text__media\"><img loading=\"lazy\" decoding=\"async\" width=\"640\" height=\"995\" src=\"http:\/\/congressinterceei.com\/iaseie\/wp-content\/uploads\/2021\/03\/WhatsApp-Image-2021-03-24-at-12.36.07.jpeg\" alt=\"\" class=\"wp-image-1087\" srcset=\"https:\/\/congressinterceei.com\/iaseie\/wp-content\/uploads\/2021\/03\/WhatsApp-Image-2021-03-24-at-12.36.07.jpeg 640w, https:\/\/congressinterceei.com\/iaseie\/wp-content\/uploads\/2021\/03\/WhatsApp-Image-2021-03-24-at-12.36.07-193x300.jpeg 193w\" sizes=\"(max-width: 640px) 100vw, 640px\" \/><\/figure><div class=\"wp-block-media-text__content\">\n<p><br>O livro <strong>A\u00e7\u00e3o&amp;Supera\u00e7\u00e3o<\/strong> &#8211; <strong>Hist\u00f3rias de A\u00e7\u00e3o e Supera\u00e7\u00e3o da Turma 21 e Os 11 Pilares da Vida<\/strong>, coordenado pelos projetos da IASEIE, traz relatos ver\u00eddicos e emocionantes dos integrantes da Turma 21 de Forma\u00e7\u00e3o em Coaching Integral Sist\u00eamico da FEBRACIS.<br><br>Em conjunto, decidiram abrir seus cora\u00e7\u00f5es, expor seus sentimentos, cren\u00e7as limitantes, valores e suas hist\u00f3rias de a\u00e7\u00e3o e supera\u00e7\u00e3o nos 11 Pilares da Vida, em 20 cap\u00edtulos deste livro. Hoje, todos vivem o extraordin\u00e1rio e voc\u00ea tamb\u00e9m pode viv\u00ea-lo.<\/p>\n<\/div><\/div>\n\n\n\n<p> <br> <\/p>\n\n\n\n<figure class=\"wp-block-image\"><img loading=\"lazy\" decoding=\"async\" width=\"1024\" height=\"683\" src=\"http:\/\/congressinterceei.com\/iaseie\/wp-content\/uploads\/2021\/03\/Untitled-1-1024x683.png\" alt=\"\" class=\"wp-image-1088\" srcset=\"https:\/\/congressinterceei.com\/iaseie\/wp-content\/uploads\/2021\/03\/Untitled-1-1024x683.png 1024w, https:\/\/congressinterceei.com\/iaseie\/wp-content\/uploads\/2021\/03\/Untitled-1-300x200.png 300w, https:\/\/congressinterceei.com\/iaseie\/wp-content\/uploads\/2021\/03\/Untitled-1-768x512.png 768w, https:\/\/congressinterceei.com\/iaseie\/wp-content\/uploads\/2021\/03\/Untitled-1-1140x760.png 1140w, https:\/\/congressinterceei.com\/iaseie\/wp-content\/uploads\/2021\/03\/Untitled-1.png 1200w\" sizes=\"(max-width: 1024px) 100vw, 1024px\" \/><\/figure>\n\n\n\n<p><\/p>\n\n\n\n<p>    <br>    <\/p>\n\n\n\n<hr class=\"wp-block-separator\"\/>\n\n\n\n<p>         <br>     <\/p>\n\n\n\n<p class=\"has-text-color has-medium-font-size has-vivid-cyan-blue-color\"><strong>Buy in the USA<\/strong><\/p>\n\n\n\n<figure class=\"wp-block-image\"><img loading=\"lazy\" decoding=\"async\" width=\"1024\" height=\"497\" src=\"http:\/\/congressinterceei.com\/iaseie\/wp-content\/uploads\/2021\/03\/WhatsApp-Image-2021-03-25-at-12.33.31-1024x497.jpeg\" alt=\"\" class=\"wp-image-1094\" srcset=\"https:\/\/congressinterceei.com\/iaseie\/wp-content\/uploads\/2021\/03\/WhatsApp-Image-2021-03-25-at-12.33.31-1024x497.jpeg 1024w, https:\/\/congressinterceei.com\/iaseie\/wp-content\/uploads\/2021\/03\/WhatsApp-Image-2021-03-25-at-12.33.31-300x146.jpeg 300w, https:\/\/congressinterceei.com\/iaseie\/wp-content\/uploads\/2021\/03\/WhatsApp-Image-2021-03-25-at-12.33.31-768x373.jpeg 768w, https:\/\/congressinterceei.com\/iaseie\/wp-content\/uploads\/2021\/03\/WhatsApp-Image-2021-03-25-at-12.33.31.jpeg 1038w\" sizes=\"(max-width: 1024px) 100vw, 1024px\" \/><figcaption>   <br>  <\/figcaption><\/figure>\n\n\n\n<hr class=\"wp-block-separator\"\/>\n\n\n\n<h2 class=\"wp-block-heading\">   <br>Supera\u00e7\u00e3o Turma 21<\/h2>\n\n\n\n<div class=\"wp-block-image\"><figure class=\"aligncenter\"><img loading=\"lazy\" decoding=\"async\" width=\"1024\" height=\"576\" src=\"http:\/\/congressinterceei.com\/iaseie\/wp-content\/uploads\/2021\/02\/golden_belt-1024x576.png\" alt=\"Golden Belt\" class=\"wp-image-923\" srcset=\"https:\/\/congressinterceei.com\/iaseie\/wp-content\/uploads\/2021\/02\/golden_belt-1024x576.png 1024w, https:\/\/congressinterceei.com\/iaseie\/wp-content\/uploads\/2021\/02\/golden_belt-300x169.png 300w, https:\/\/congressinterceei.com\/iaseie\/wp-content\/uploads\/2021\/02\/golden_belt-768x432.png 768w, https:\/\/congressinterceei.com\/iaseie\/wp-content\/uploads\/2021\/02\/golden_belt-1140x641.png 1140w, https:\/\/congressinterceei.com\/iaseie\/wp-content\/uploads\/2021\/02\/golden_belt.png 1920w\" sizes=\"(max-width: 1024px) 100vw, 1024px\" \/><figcaption><br><\/figcaption><\/figure><\/div>\n\n\n<ul>\n<li>\n<h5><span style=\"color: #00a9ff;\"><strong>GOLDEN BELT<\/strong><\/span><\/h5>\n<\/li>\n<\/ul>\n<p>A IASEIE (Associa\u00e7\u00e3o Internacional de Ci\u00eancia, \u00c9tica e Educa\u00e7\u00e3o Integrada), est\u00e1 realizando com apoio da FCU (Florida Christian University de Orlando, USA) e da FEBRACIS de S\u00e3o Paulo e Campinas SP, um projeto de Forma\u00e7\u00e3o em Coaching Integral Sist\u00eamico na grade GOLDEN Belt, de um grupo de Coaches, da Turma 21 da FEBRACIS S\u00e3o Paulo, em 2021.<\/p>\n<ul>\n<li>\n<h5><span style=\"color: #00a9ff;\"><strong>A\u00c7\u00d5ES INTEGRADAS<\/strong><\/span><\/h5>\n<\/li>\n<\/ul>\n<p>V\u00eddeos, Mini-Palestras, Cursos e E-Book.&nbsp; &nbsp; &nbsp;&nbsp;&nbsp; &nbsp;<\/p>\n\n\n<ul class=\"wp-block-gallery columns-1 is-cropped wp-block-gallery-1 is-layout-flex wp-block-gallery-is-layout-flex\"><li class=\"blocks-gallery-item\"><figure><img loading=\"lazy\" decoding=\"async\" width=\"536\" height=\"292\" src=\"http:\/\/congressinterceei.com\/iaseie\/wp-content\/uploads\/2021\/02\/WhatsApp-Image-2021-02-11-at-17.30.32-2.jpeg\" alt=\"\" data-id=\"935\" data-link=\"http:\/\/congressinterceei.com\/iaseie\/?attachment_id=935\" class=\"wp-image-935\" srcset=\"https:\/\/congressinterceei.com\/iaseie\/wp-content\/uploads\/2021\/02\/WhatsApp-Image-2021-02-11-at-17.30.32-2.jpeg 536w, https:\/\/congressinterceei.com\/iaseie\/wp-content\/uploads\/2021\/02\/WhatsApp-Image-2021-02-11-at-17.30.32-2-300x163.jpeg 300w\" sizes=\"(max-width: 536px) 100vw, 536px\" \/><\/figure><\/li><li class=\"blocks-gallery-item\"><figure><img loading=\"lazy\" decoding=\"async\" width=\"557\" height=\"307\" src=\"http:\/\/congressinterceei.com\/iaseie\/wp-content\/uploads\/2021\/02\/WhatsApp-Image-2021-02-11-at-17.35.01-1.jpeg\" alt=\"\" data-id=\"936\" data-link=\"http:\/\/congressinterceei.com\/iaseie\/?attachment_id=936\" class=\"wp-image-936\" srcset=\"https:\/\/congressinterceei.com\/iaseie\/wp-content\/uploads\/2021\/02\/WhatsApp-Image-2021-02-11-at-17.35.01-1.jpeg 557w, https:\/\/congressinterceei.com\/iaseie\/wp-content\/uploads\/2021\/02\/WhatsApp-Image-2021-02-11-at-17.35.01-1-300x165.jpeg 300w\" sizes=\"(max-width: 557px) 100vw, 557px\" \/><\/figure><\/li><li class=\"blocks-gallery-item\"><figure><img loading=\"lazy\" decoding=\"async\" width=\"602\" height=\"526\" src=\"http:\/\/congressinterceei.com\/iaseie\/wp-content\/uploads\/2021\/02\/WhatsApp-Image-2021-02-11-at-17.32.13-1.jpeg\" alt=\"\" data-id=\"937\" data-link=\"http:\/\/congressinterceei.com\/iaseie\/?attachment_id=937\" class=\"wp-image-937\" srcset=\"https:\/\/congressinterceei.com\/iaseie\/wp-content\/uploads\/2021\/02\/WhatsApp-Image-2021-02-11-at-17.32.13-1.jpeg 602w, https:\/\/congressinterceei.com\/iaseie\/wp-content\/uploads\/2021\/02\/WhatsApp-Image-2021-02-11-at-17.32.13-1-300x262.jpeg 300w\" sizes=\"(max-width: 602px) 100vw, 602px\" \/><\/figure><\/li><li class=\"blocks-gallery-item\"><figure><img loading=\"lazy\" decoding=\"async\" width=\"640\" height=\"474\" src=\"http:\/\/congressinterceei.com\/iaseie\/wp-content\/uploads\/2021\/02\/WhatsApp-Image-2021-02-11-at-17.32.31-1.jpeg\" alt=\"\" data-id=\"938\" data-link=\"http:\/\/congressinterceei.com\/iaseie\/?attachment_id=938\" class=\"wp-image-938\" srcset=\"https:\/\/congressinterceei.com\/iaseie\/wp-content\/uploads\/2021\/02\/WhatsApp-Image-2021-02-11-at-17.32.31-1.jpeg 640w, https:\/\/congressinterceei.com\/iaseie\/wp-content\/uploads\/2021\/02\/WhatsApp-Image-2021-02-11-at-17.32.31-1-300x222.jpeg 300w\" sizes=\"(max-width: 640px) 100vw, 640px\" \/><\/figure><\/li><li class=\"blocks-gallery-item\"><figure><img loading=\"lazy\" decoding=\"async\" width=\"639\" height=\"776\" src=\"http:\/\/congressinterceei.com\/iaseie\/wp-content\/uploads\/2021\/02\/WhatsApp-Image-2021-02-11-at-17.32.50-1.jpeg\" alt=\"\" data-id=\"939\" data-link=\"http:\/\/congressinterceei.com\/iaseie\/?attachment_id=939\" class=\"wp-image-939\" srcset=\"https:\/\/congressinterceei.com\/iaseie\/wp-content\/uploads\/2021\/02\/WhatsApp-Image-2021-02-11-at-17.32.50-1.jpeg 639w, https:\/\/congressinterceei.com\/iaseie\/wp-content\/uploads\/2021\/02\/WhatsApp-Image-2021-02-11-at-17.32.50-1-247x300.jpeg 247w\" sizes=\"(max-width: 639px) 100vw, 639px\" \/><\/figure><\/li><li class=\"blocks-gallery-item\"><figure><img loading=\"lazy\" decoding=\"async\" width=\"843\" height=\"640\" src=\"http:\/\/congressinterceei.com\/iaseie\/wp-content\/uploads\/2021\/02\/WhatsApp-Image-2021-02-11-at-17.33.19-1.jpeg\" alt=\"\" data-id=\"940\" data-link=\"http:\/\/congressinterceei.com\/iaseie\/?attachment_id=940\" class=\"wp-image-940\" srcset=\"https:\/\/congressinterceei.com\/iaseie\/wp-content\/uploads\/2021\/02\/WhatsApp-Image-2021-02-11-at-17.33.19-1.jpeg 843w, https:\/\/congressinterceei.com\/iaseie\/wp-content\/uploads\/2021\/02\/WhatsApp-Image-2021-02-11-at-17.33.19-1-300x228.jpeg 300w, https:\/\/congressinterceei.com\/iaseie\/wp-content\/uploads\/2021\/02\/WhatsApp-Image-2021-02-11-at-17.33.19-1-768x583.jpeg 768w, https:\/\/congressinterceei.com\/iaseie\/wp-content\/uploads\/2021\/02\/WhatsApp-Image-2021-02-11-at-17.33.19-1-500x380.jpeg 500w\" sizes=\"(max-width: 843px) 100vw, 843px\" \/><figcaption> TURMA FCIS T21 &#8211; FEBRACIS S\u00e3o Paulo &#8211; SP, dezembro 2020 \/ janeiro 2021 <\/figcaption><\/figure><\/li><\/ul>\n\n\n\n<p><br><br><\/p>\n\n\n<ul>\n<li>\n<h5><span style=\"color: #00a9ff;\"><strong>INTEGRANTES<\/strong><\/span><\/h5>\n<\/li>\n<\/ul>\n\n\n<hr class=\"wp-block-separator\"\/>\n\n\n\n<div class=\"wp-block-media-text alignwide is-stacked-on-mobile\"><figure class=\"wp-block-media-text__media\"><img loading=\"lazy\" decoding=\"async\" width=\"640\" height=\"804\" src=\"http:\/\/congressinterceei.com\/iaseie\/wp-content\/uploads\/2021\/02\/WhatsApp-Image-2021-02-11-at-17.21.00.jpeg\" alt=\"\" class=\"wp-image-961\" srcset=\"https:\/\/congressinterceei.com\/iaseie\/wp-content\/uploads\/2021\/02\/WhatsApp-Image-2021-02-11-at-17.21.00.jpeg 640w, https:\/\/congressinterceei.com\/iaseie\/wp-content\/uploads\/2021\/02\/WhatsApp-Image-2021-02-11-at-17.21.00-239x300.jpeg 239w\" sizes=\"(max-width: 640px) 100vw, 640px\" \/><\/figure><div class=\"wp-block-media-text__content\">\n<p class=\"has-text-color has-medium-font-size has-vivid-cyan-blue-color\"><br><strong>Teresinha Bispo de Lira Sousa<\/strong><\/p>\n\n\n\n<ul><li><em>Nasceu em Arapiraca-Al<\/em>.<\/li><li><em>Cresceu e mora em S\u00e3o Paulo SP<\/em>.<\/li><li><em>Psicopedagoga e Coach<\/em><\/li><li><em>Cl\u00ednica &#8220;Espa\u00e7o Multiclinica&#8221;<\/em>.<\/li><li><em>(11) 94819-4180 <\/em><\/li><li><em>tere.lira@uol.com.br<\/em> <\/li><\/ul>\n<\/div><\/div>\n\n\n<div id=\"kgvid_kgvid_0_wrapper\" class=\"kgvid_wrapper\">\n\t\t\t<div id=\"video_kgvid_0_div\" class=\"fitvidsignore kgvid_videodiv\" data-id=\"kgvid_0\" data-kgvid_video_vars=\"{&quot;id&quot;:&quot;kgvid_0&quot;,&quot;attachment_id&quot;:963,&quot;player_type&quot;:&quot;WordPress Default&quot;,&quot;width&quot;:&quot;640&quot;,&quot;height&quot;:&quot;352&quot;,&quot;fullwidth&quot;:&quot;true&quot;,&quot;fixed_aspect&quot;:&quot;vertical&quot;,&quot;countable&quot;:true,&quot;count_views&quot;:&quot;start_complete&quot;,&quot;start&quot;:&quot;&quot;,&quot;autoplay&quot;:&quot;false&quot;,&quot;pauseothervideos&quot;:&quot;true&quot;,&quot;set_volume&quot;:&quot;1&quot;,&quot;muted&quot;:&quot;false&quot;,&quot;meta&quot;:false,&quot;endofvideooverlay&quot;:&quot;&quot;,&quot;resize&quot;:&quot;true&quot;,&quot;auto_res&quot;:&quot;automatic&quot;,&quot;pixel_ratio&quot;:&quot;true&quot;,&quot;right_click&quot;:&quot;on&quot;,&quot;playback_rate&quot;:&quot;false&quot;,&quot;title&quot;:&quot;VIDEO-2021-02-10-21-40-30-1&quot;}\" itemprop=\"video\" itemscope itemtype=\"https:\/\/schema.org\/VideoObject\"><meta itemprop=\"thumbnailUrl\" content=\"https:\/\/congressinterceei.com\/iaseie\/wp-content\/uploads\/2021\/03\/VIDEO-2021-02-10-21-40-30-1_thumb2.jpg\"><meta itemprop=\"embedUrl\" content=\"https:\/\/congressinterceei.com\/iaseie\/?attachment_id=963&#038;kgvid_video_embed%5Benable%5D=true\"><meta itemprop=\"contentUrl\" content=\"https:\/\/congressinterceei.com\/iaseie\/wp-content\/uploads\/2021\/02\/VIDEO-2021-02-10-21-40-30-1.mp4\"><meta itemprop=\"name\" content=\"VIDEO-2021-02-10-21-40-30-1\"><meta itemprop=\"description\" content=\"Video\"><meta itemprop=\"uploadDate\" content=\"2021-02-25T13:58:45-03:00\"><div style=\"width: 640px\" class=\"wp-video\"><!--[if lt IE 9]&gt;document.createElement('video');&lt;![endif]-->\n<video class=\"wp-video-shortcode\" id=\"video-927-1\" width=\"640\" height=\"352\" poster=\"https:\/\/congressinterceei.com\/iaseie\/wp-content\/uploads\/2021\/03\/VIDEO-2021-02-10-21-40-30-1_thumb2.jpg\" preload=\"metadata\" controls=\"controls\"><source type=\"video\/mp4\" src=\"https:\/\/congressinterceei.com\/iaseie\/wp-content\/uploads\/2021\/02\/VIDEO-2021-02-10-21-40-30-1.mp4?_=1\" \/><a href=\"https:\/\/congressinterceei.com\/iaseie\/wp-content\/uploads\/2021\/02\/VIDEO-2021-02-10-21-40-30-1.mp4\">https:\/\/congressinterceei.com\/iaseie\/wp-content\/uploads\/2021\/02\/VIDEO-2021-02-10-21-40-30-1.mp4<\/a><\/video><\/div>\t\t\t<\/div>\n\t\t<\/div>\n\n\n<hr class=\"wp-block-separator\"\/>\n\n\n\n<div class=\"wp-block-media-text alignwide is-stacked-on-mobile\"><figure class=\"wp-block-media-text__media\"><img loading=\"lazy\" decoding=\"async\" width=\"640\" height=\"938\" src=\"http:\/\/congressinterceei.com\/iaseie\/wp-content\/uploads\/2021\/03\/WhatsApp-Image-2021-02-11-at-17.21.50.jpeg\" alt=\"\" class=\"wp-image-970\" srcset=\"https:\/\/congressinterceei.com\/iaseie\/wp-content\/uploads\/2021\/03\/WhatsApp-Image-2021-02-11-at-17.21.50.jpeg 640w, https:\/\/congressinterceei.com\/iaseie\/wp-content\/uploads\/2021\/03\/WhatsApp-Image-2021-02-11-at-17.21.50-205x300.jpeg 205w\" sizes=\"(max-width: 640px) 100vw, 640px\" \/><\/figure><div class=\"wp-block-media-text__content\">\n<p class=\"has-text-color has-medium-font-size has-vivid-cyan-blue-color\"><br><strong>Michely Santos Araujo<\/strong><\/p>\n\n\n\n<ul><li><em>Mentora de mulheres empreendedoras e Coach integral sist\u00eamico.<\/em><\/li><li><em>Criadora do  PROGRAMA MULHER PLENA.<\/em><\/li><li><em>Nasceu e sempre morou em S\u00e3o Paulo SP.<\/em><\/li><li><em>(11) 94587-4874  <\/em><\/li><li><em>michelysantosaraujo4043@gmail.com<\/em><\/li><\/ul>\n<\/div><\/div>\n\n\n<div id=\"kgvid_kgvid_1_wrapper\" class=\"kgvid_wrapper\">\n\t\t\t<div id=\"video_kgvid_1_div\" class=\"fitvidsignore kgvid_videodiv\" data-id=\"kgvid_1\" data-kgvid_video_vars=\"{&quot;id&quot;:&quot;kgvid_1&quot;,&quot;attachment_id&quot;:971,&quot;player_type&quot;:&quot;WordPress Default&quot;,&quot;width&quot;:&quot;640&quot;,&quot;height&quot;:&quot;288&quot;,&quot;fullwidth&quot;:&quot;true&quot;,&quot;fixed_aspect&quot;:&quot;vertical&quot;,&quot;countable&quot;:true,&quot;count_views&quot;:&quot;start_complete&quot;,&quot;start&quot;:&quot;&quot;,&quot;autoplay&quot;:&quot;false&quot;,&quot;pauseothervideos&quot;:&quot;true&quot;,&quot;set_volume&quot;:&quot;1&quot;,&quot;muted&quot;:&quot;false&quot;,&quot;meta&quot;:false,&quot;endofvideooverlay&quot;:&quot;&quot;,&quot;resize&quot;:&quot;true&quot;,&quot;auto_res&quot;:&quot;automatic&quot;,&quot;pixel_ratio&quot;:&quot;true&quot;,&quot;right_click&quot;:&quot;on&quot;,&quot;playback_rate&quot;:&quot;false&quot;,&quot;title&quot;:&quot;WhatsApp-Video-2021-03-02-at-13.53.51&quot;}\" itemprop=\"video\" itemscope itemtype=\"https:\/\/schema.org\/VideoObject\"><meta itemprop=\"thumbnailUrl\" content=\"https:\/\/congressinterceei.com\/iaseie\/wp-content\/uploads\/2021\/03\/WhatsApp-Image-2021-02-11-at-17.21.50.jpeg\"><meta itemprop=\"embedUrl\" content=\"https:\/\/congressinterceei.com\/iaseie\/?attachment_id=971&#038;kgvid_video_embed%5Benable%5D=true\"><meta itemprop=\"contentUrl\" content=\"https:\/\/congressinterceei.com\/iaseie\/wp-content\/uploads\/2021\/03\/WhatsApp-Video-2021-03-02-at-13.53.51.mp4\"><meta itemprop=\"name\" content=\"WhatsApp-Video-2021-03-02-at-13.53.51\"><meta itemprop=\"description\" content=\"Video\"><meta itemprop=\"uploadDate\" content=\"2021-03-02T13:58:10-03:00\"><div style=\"width: 640px\" class=\"wp-video\"><video class=\"wp-video-shortcode\" id=\"video-927-2\" width=\"640\" height=\"288\" poster=\"https:\/\/congressinterceei.com\/iaseie\/wp-content\/uploads\/2021\/03\/WhatsApp-Image-2021-02-11-at-17.21.50.jpeg\" preload=\"metadata\" controls=\"controls\"><source type=\"video\/mp4\" src=\"https:\/\/congressinterceei.com\/iaseie\/wp-content\/uploads\/2021\/03\/WhatsApp-Video-2021-03-02-at-13.53.51.mp4?_=2\" \/><a href=\"https:\/\/congressinterceei.com\/iaseie\/wp-content\/uploads\/2021\/03\/WhatsApp-Video-2021-03-02-at-13.53.51.mp4\">https:\/\/congressinterceei.com\/iaseie\/wp-content\/uploads\/2021\/03\/WhatsApp-Video-2021-03-02-at-13.53.51.mp4<\/a><\/video><\/div>\t\t\t<\/div>\n\t\t<\/div>\n\n\n<hr class=\"wp-block-separator\"\/>\n\n\n\n<div class=\"wp-block-media-text alignwide is-stacked-on-mobile\"><figure class=\"wp-block-media-text__media\"><img loading=\"lazy\" decoding=\"async\" width=\"640\" height=\"819\" src=\"http:\/\/congressinterceei.com\/iaseie\/wp-content\/uploads\/2021\/03\/2158f09a-fbbd-4f1c-8468-fda6c85060af.jpg\" alt=\"\" class=\"wp-image-1006\" srcset=\"https:\/\/congressinterceei.com\/iaseie\/wp-content\/uploads\/2021\/03\/2158f09a-fbbd-4f1c-8468-fda6c85060af.jpg 640w, https:\/\/congressinterceei.com\/iaseie\/wp-content\/uploads\/2021\/03\/2158f09a-fbbd-4f1c-8468-fda6c85060af-234x300.jpg 234w\" sizes=\"(max-width: 640px) 100vw, 640px\" \/><\/figure><div class=\"wp-block-media-text__content\">\n<p class=\"has-text-color has-medium-font-size has-vivid-cyan-blue-color\"><br><strong>\u00c2ngelo Rodrigo Tavares Pedro<\/strong><\/p>\n\n\n\n<ul><li><em>Nasceu e mora em Bauru SP.<\/em><\/li><li><em>Coach integral sist\u00eamico.<\/em><\/li><li><em>(14) 99124-0040 <\/em><\/li><li><em>angelotavares1@hotmail.com <\/em><\/li><\/ul>\n<\/div><\/div>\n\n\n<div id=\"kgvid_kgvid_2_wrapper\" class=\"kgvid_wrapper\">\n\t\t\t<div id=\"video_kgvid_2_div\" class=\"fitvidsignore kgvid_videodiv\" data-id=\"kgvid_2\" data-kgvid_video_vars=\"{&quot;id&quot;:&quot;kgvid_2&quot;,&quot;attachment_id&quot;:1007,&quot;player_type&quot;:&quot;WordPress Default&quot;,&quot;width&quot;:&quot;640&quot;,&quot;height&quot;:&quot;362&quot;,&quot;fullwidth&quot;:&quot;true&quot;,&quot;fixed_aspect&quot;:&quot;vertical&quot;,&quot;countable&quot;:true,&quot;count_views&quot;:&quot;start_complete&quot;,&quot;start&quot;:&quot;&quot;,&quot;autoplay&quot;:&quot;false&quot;,&quot;pauseothervideos&quot;:&quot;true&quot;,&quot;set_volume&quot;:&quot;1&quot;,&quot;muted&quot;:&quot;false&quot;,&quot;meta&quot;:false,&quot;endofvideooverlay&quot;:&quot;&quot;,&quot;resize&quot;:&quot;true&quot;,&quot;auto_res&quot;:&quot;automatic&quot;,&quot;pixel_ratio&quot;:&quot;true&quot;,&quot;right_click&quot;:&quot;on&quot;,&quot;playback_rate&quot;:&quot;false&quot;,&quot;title&quot;:&quot;WhatsApp Video 2021-03-04 at 12.23.57&quot;}\" itemprop=\"video\" itemscope itemtype=\"https:\/\/schema.org\/VideoObject\"><meta itemprop=\"thumbnailUrl\" content=\"https:\/\/congressinterceei.com\/iaseie\/wp-content\/uploads\/2021\/03\/WhatsApp-Video-2021-03-04-at-12.23.57_thumb2.jpg\"><meta itemprop=\"embedUrl\" content=\"https:\/\/congressinterceei.com\/iaseie\/?attachment_id=1007&#038;kgvid_video_embed%5Benable%5D=true\"><meta itemprop=\"contentUrl\" content=\"https:\/\/congressinterceei.com\/iaseie\/wp-content\/uploads\/2021\/03\/WhatsApp-Video-2021-03-04-at-12.23.57.mp4\"><meta itemprop=\"name\" content=\"WhatsApp Video 2021-03-04 at 12.23.57\"><meta itemprop=\"description\" content=\"Video\"><meta itemprop=\"uploadDate\" content=\"2021-03-04T12:24:55-03:00\"><div style=\"width: 640px\" class=\"wp-video\"><video class=\"wp-video-shortcode\" id=\"video-927-3\" width=\"640\" height=\"362\" poster=\"https:\/\/congressinterceei.com\/iaseie\/wp-content\/uploads\/2021\/03\/WhatsApp-Video-2021-03-04-at-12.23.57_thumb2.jpg\" preload=\"metadata\" controls=\"controls\"><source type=\"video\/mp4\" src=\"https:\/\/congressinterceei.com\/iaseie\/wp-content\/uploads\/2021\/03\/WhatsApp-Video-2021-03-04-at-12.23.57.mp4?_=3\" \/><a href=\"https:\/\/congressinterceei.com\/iaseie\/wp-content\/uploads\/2021\/03\/WhatsApp-Video-2021-03-04-at-12.23.57.mp4\">https:\/\/congressinterceei.com\/iaseie\/wp-content\/uploads\/2021\/03\/WhatsApp-Video-2021-03-04-at-12.23.57.mp4<\/a><\/video><\/div>\t\t\t<\/div>\n\t\t<\/div>\n\n\n<hr class=\"wp-block-separator\"\/>\n\n\n\n<div class=\"wp-block-media-text alignwide is-stacked-on-mobile\"><figure class=\"wp-block-media-text__media\"><img loading=\"lazy\" decoding=\"async\" width=\"640\" height=\"691\" src=\"http:\/\/congressinterceei.com\/iaseie\/wp-content\/uploads\/2021\/03\/WhatsApp-Image-2021-02-11-at-17.24.35.jpeg\" alt=\"\" class=\"wp-image-1012\" srcset=\"https:\/\/congressinterceei.com\/iaseie\/wp-content\/uploads\/2021\/03\/WhatsApp-Image-2021-02-11-at-17.24.35.jpeg 640w, https:\/\/congressinterceei.com\/iaseie\/wp-content\/uploads\/2021\/03\/WhatsApp-Image-2021-02-11-at-17.24.35-278x300.jpeg 278w\" sizes=\"(max-width: 640px) 100vw, 640px\" \/><\/figure><div class=\"wp-block-media-text__content\">\n<p class=\"has-text-color has-medium-font-size has-vivid-cyan-blue-color\"><br><strong>Fernanda Cristina Feliciano<\/strong><\/p>\n\n\n\n<ul><li><em>Nasceu e mora em S\u00e3o Paulo SP.<\/em><\/li><li><em>Enfermeira e Coach Integral Sist\u00eamico.<\/em><\/li><li><em>(11) 98024-0475<\/em><\/li><li><em>fecfel@gmail.com.br <\/em><\/li><\/ul>\n<\/div><\/div>\n\n\n<div id=\"kgvid_kgvid_3_wrapper\" class=\"kgvid_wrapper\">\n\t\t\t<div id=\"video_kgvid_3_div\" class=\"fitvidsignore kgvid_videodiv\" data-id=\"kgvid_3\" data-kgvid_video_vars=\"{&quot;id&quot;:&quot;kgvid_3&quot;,&quot;attachment_id&quot;:1013,&quot;player_type&quot;:&quot;WordPress Default&quot;,&quot;width&quot;:&quot;352&quot;,&quot;height&quot;:198,&quot;fullwidth&quot;:&quot;true&quot;,&quot;fixed_aspect&quot;:&quot;vertical&quot;,&quot;countable&quot;:true,&quot;count_views&quot;:&quot;start_complete&quot;,&quot;start&quot;:&quot;&quot;,&quot;autoplay&quot;:&quot;false&quot;,&quot;pauseothervideos&quot;:&quot;true&quot;,&quot;set_volume&quot;:&quot;1&quot;,&quot;muted&quot;:&quot;false&quot;,&quot;meta&quot;:false,&quot;endofvideooverlay&quot;:&quot;&quot;,&quot;resize&quot;:&quot;true&quot;,&quot;auto_res&quot;:&quot;automatic&quot;,&quot;pixel_ratio&quot;:&quot;true&quot;,&quot;right_click&quot;:&quot;on&quot;,&quot;playback_rate&quot;:&quot;false&quot;,&quot;title&quot;:&quot;WhatsApp Video 2021-02-11 at 15.22.13&quot;}\" itemprop=\"video\" itemscope itemtype=\"https:\/\/schema.org\/VideoObject\"><meta itemprop=\"thumbnailUrl\" content=\"https:\/\/congressinterceei.com\/iaseie\/wp-content\/uploads\/2021\/03\/WhatsApp-Video-2021-02-11-at-15.22.13_thumb2.jpg\"><meta itemprop=\"embedUrl\" content=\"https:\/\/congressinterceei.com\/iaseie\/?attachment_id=1013&#038;kgvid_video_embed%5Benable%5D=true\"><meta itemprop=\"contentUrl\" content=\"https:\/\/congressinterceei.com\/iaseie\/wp-content\/uploads\/2021\/03\/WhatsApp-Video-2021-02-11-at-15.22.13.mp4\"><meta itemprop=\"name\" content=\"WhatsApp Video 2021-02-11 at 15.22.13\"><meta itemprop=\"description\" content=\"Video\"><meta itemprop=\"uploadDate\" content=\"2021-03-04T12:33:37-03:00\"><div style=\"width: 352px\" class=\"wp-video\"><video class=\"wp-video-shortcode\" id=\"video-927-4\" width=\"352\" height=\"198\" poster=\"https:\/\/congressinterceei.com\/iaseie\/wp-content\/uploads\/2021\/03\/WhatsApp-Video-2021-02-11-at-15.22.13_thumb2.jpg\" preload=\"metadata\" controls=\"controls\"><source type=\"video\/mp4\" src=\"https:\/\/congressinterceei.com\/iaseie\/wp-content\/uploads\/2021\/03\/WhatsApp-Video-2021-02-11-at-15.22.13.mp4?_=4\" \/><a href=\"https:\/\/congressinterceei.com\/iaseie\/wp-content\/uploads\/2021\/03\/WhatsApp-Video-2021-02-11-at-15.22.13.mp4\">https:\/\/congressinterceei.com\/iaseie\/wp-content\/uploads\/2021\/03\/WhatsApp-Video-2021-02-11-at-15.22.13.mp4<\/a><\/video><\/div>\t\t\t<\/div>\n\t\t<\/div>\n\n\n<hr class=\"wp-block-separator\"\/>\n\n\n\n<div class=\"wp-block-media-text alignwide is-stacked-on-mobile\"><figure class=\"wp-block-media-text__media\"><img loading=\"lazy\" decoding=\"async\" width=\"461\" height=\"1024\" src=\"http:\/\/congressinterceei.com\/iaseie\/wp-content\/uploads\/2021\/03\/WhatsApp-Image-2021-02-11-at-21.31.58-461x1024.jpeg\" alt=\"\" class=\"wp-image-1017\" srcset=\"https:\/\/congressinterceei.com\/iaseie\/wp-content\/uploads\/2021\/03\/WhatsApp-Image-2021-02-11-at-21.31.58-461x1024.jpeg 461w, https:\/\/congressinterceei.com\/iaseie\/wp-content\/uploads\/2021\/03\/WhatsApp-Image-2021-02-11-at-21.31.58-135x300.jpeg 135w, https:\/\/congressinterceei.com\/iaseie\/wp-content\/uploads\/2021\/03\/WhatsApp-Image-2021-02-11-at-21.31.58.jpeg 519w\" sizes=\"(max-width: 461px) 100vw, 461px\" \/><\/figure><div class=\"wp-block-media-text__content\">\n<p class=\"has-text-color has-medium-font-size has-vivid-cyan-blue-color\"><br><strong>Patr\u00edcia Aparecida Feliciano de Oliveira<\/strong><\/p>\n\n\n\n<ul><li><em>Nasci, cresci e moro em S\u00e3o Paulo SP.<\/em><\/li><li><em>Contadora e Coach Integral Sist\u00eamico.<\/em><\/li><li>(<em>11) 91147-9070<\/em><\/li><li><em>pattyafel@gmail.com<\/em><\/li><\/ul>\n<\/div><\/div>\n\n\n<div id=\"kgvid_kgvid_4_wrapper\" class=\"kgvid_wrapper\">\n\t\t\t<div id=\"video_kgvid_4_div\" class=\"fitvidsignore kgvid_videodiv\" data-id=\"kgvid_4\" data-kgvid_video_vars=\"{&quot;id&quot;:&quot;kgvid_4&quot;,&quot;attachment_id&quot;:1075,&quot;player_type&quot;:&quot;WordPress Default&quot;,&quot;width&quot;:&quot;480&quot;,&quot;height&quot;:&quot;360&quot;,&quot;fullwidth&quot;:&quot;true&quot;,&quot;fixed_aspect&quot;:&quot;vertical&quot;,&quot;countable&quot;:true,&quot;count_views&quot;:&quot;start_complete&quot;,&quot;start&quot;:&quot;&quot;,&quot;autoplay&quot;:&quot;false&quot;,&quot;pauseothervideos&quot;:&quot;true&quot;,&quot;set_volume&quot;:&quot;1&quot;,&quot;muted&quot;:&quot;false&quot;,&quot;meta&quot;:false,&quot;endofvideooverlay&quot;:&quot;&quot;,&quot;resize&quot;:&quot;true&quot;,&quot;auto_res&quot;:&quot;automatic&quot;,&quot;pixel_ratio&quot;:&quot;true&quot;,&quot;right_click&quot;:&quot;on&quot;,&quot;playback_rate&quot;:&quot;false&quot;,&quot;title&quot;:&quot;WhatsApp Video 2021-03-05 at 08.45.05&quot;}\" itemprop=\"video\" itemscope itemtype=\"https:\/\/schema.org\/VideoObject\"><meta itemprop=\"thumbnailUrl\" content=\"https:\/\/congressinterceei.com\/iaseie\/wp-content\/uploads\/2021\/03\/WhatsApp-Video-2021-03-05-at-08.45.05_thumb2.jpg\"><meta itemprop=\"embedUrl\" content=\"https:\/\/congressinterceei.com\/iaseie\/?attachment_id=1075&#038;kgvid_video_embed%5Benable%5D=true\"><meta itemprop=\"contentUrl\" content=\"https:\/\/congressinterceei.com\/iaseie\/wp-content\/uploads\/2021\/03\/WhatsApp-Video-2021-03-05-at-08.45.05.mp4\"><meta itemprop=\"name\" content=\"WhatsApp Video 2021-03-05 at 08.45.05\"><meta itemprop=\"description\" content=\"Video\"><meta itemprop=\"uploadDate\" content=\"2021-03-05T10:26:40-03:00\"><div style=\"width: 480px\" class=\"wp-video\"><video class=\"wp-video-shortcode\" id=\"video-927-5\" width=\"480\" height=\"360\" poster=\"https:\/\/congressinterceei.com\/iaseie\/wp-content\/uploads\/2021\/03\/WhatsApp-Video-2021-03-05-at-08.45.05_thumb2.jpg\" preload=\"metadata\" controls=\"controls\"><source type=\"video\/mp4\" src=\"https:\/\/congressinterceei.com\/iaseie\/wp-content\/uploads\/2021\/03\/WhatsApp-Video-2021-03-05-at-08.45.05.mp4?_=5\" \/><a href=\"https:\/\/congressinterceei.com\/iaseie\/wp-content\/uploads\/2021\/03\/WhatsApp-Video-2021-03-05-at-08.45.05.mp4\">https:\/\/congressinterceei.com\/iaseie\/wp-content\/uploads\/2021\/03\/WhatsApp-Video-2021-03-05-at-08.45.05.mp4<\/a><\/video><\/div>\t\t\t<\/div>\n\t\t<\/div>\n\n\n<hr class=\"wp-block-separator\"\/>\n\n\n\n<div class=\"wp-block-media-text alignwide is-stacked-on-mobile\"><figure class=\"wp-block-media-text__media\"><img loading=\"lazy\" decoding=\"async\" width=\"320\" height=\"568\" src=\"http:\/\/congressinterceei.com\/iaseie\/wp-content\/uploads\/2021\/03\/WhatsApp-Image-2021-02-11-at-22.15.38.jpeg\" alt=\"\" class=\"wp-image-1018\" srcset=\"https:\/\/congressinterceei.com\/iaseie\/wp-content\/uploads\/2021\/03\/WhatsApp-Image-2021-02-11-at-22.15.38.jpeg 320w, https:\/\/congressinterceei.com\/iaseie\/wp-content\/uploads\/2021\/03\/WhatsApp-Image-2021-02-11-at-22.15.38-169x300.jpeg 169w\" sizes=\"(max-width: 320px) 100vw, 320px\" \/><\/figure><div class=\"wp-block-media-text__content\">\n<p class=\"has-text-color has-medium-font-size has-vivid-cyan-blue-color\"><br><strong>Reni Costa Cavalcante dos Santos<\/strong><\/p>\n\n\n\n<ul><li><em>Residente de Praia Grande, litoral de S\u00e3o Paulo.<\/em><\/li><li><em>Master Coach Palestrante.<\/em><\/li><li><em>(13) 99119-2900 <\/em><\/li><li><em>renyc117@gmail.com<\/em><\/li><\/ul>\n<\/div><\/div>\n\n\n<div id=\"kgvid_kgvid_5_wrapper\" class=\"kgvid_wrapper\">\n\t\t\t<div id=\"video_kgvid_5_div\" class=\"fitvidsignore kgvid_videodiv\" data-id=\"kgvid_5\" data-kgvid_video_vars=\"{&quot;id&quot;:&quot;kgvid_5&quot;,&quot;attachment_id&quot;:1019,&quot;player_type&quot;:&quot;WordPress Default&quot;,&quot;width&quot;:&quot;640&quot;,&quot;height&quot;:&quot;352&quot;,&quot;fullwidth&quot;:&quot;true&quot;,&quot;fixed_aspect&quot;:&quot;vertical&quot;,&quot;countable&quot;:true,&quot;count_views&quot;:&quot;start_complete&quot;,&quot;start&quot;:&quot;&quot;,&quot;autoplay&quot;:&quot;false&quot;,&quot;pauseothervideos&quot;:&quot;true&quot;,&quot;set_volume&quot;:&quot;1&quot;,&quot;muted&quot;:&quot;false&quot;,&quot;meta&quot;:false,&quot;endofvideooverlay&quot;:&quot;&quot;,&quot;resize&quot;:&quot;true&quot;,&quot;auto_res&quot;:&quot;automatic&quot;,&quot;pixel_ratio&quot;:&quot;true&quot;,&quot;right_click&quot;:&quot;on&quot;,&quot;playback_rate&quot;:&quot;false&quot;,&quot;title&quot;:&quot;WhatsApp Video 2021-02-11 at 22.15.37&quot;}\" itemprop=\"video\" itemscope itemtype=\"https:\/\/schema.org\/VideoObject\"><meta itemprop=\"thumbnailUrl\" content=\"https:\/\/congressinterceei.com\/iaseie\/wp-content\/uploads\/2021\/03\/WhatsApp-Video-2021-02-11-at-22.15.37_thumb2.jpg\"><meta itemprop=\"embedUrl\" content=\"https:\/\/congressinterceei.com\/iaseie\/?attachment_id=1019&#038;kgvid_video_embed%5Benable%5D=true\"><meta itemprop=\"contentUrl\" content=\"https:\/\/congressinterceei.com\/iaseie\/wp-content\/uploads\/2021\/03\/WhatsApp-Video-2021-02-11-at-22.15.37.mp4\"><meta itemprop=\"name\" content=\"WhatsApp Video 2021-02-11 at 22.15.37\"><meta itemprop=\"description\" content=\"Video\"><meta itemprop=\"uploadDate\" content=\"2021-03-04T12:47:43-03:00\"><div style=\"width: 640px\" class=\"wp-video\"><video class=\"wp-video-shortcode\" id=\"video-927-6\" width=\"640\" height=\"352\" poster=\"https:\/\/congressinterceei.com\/iaseie\/wp-content\/uploads\/2021\/03\/WhatsApp-Video-2021-02-11-at-22.15.37_thumb2.jpg\" preload=\"metadata\" controls=\"controls\"><source type=\"video\/mp4\" src=\"https:\/\/congressinterceei.com\/iaseie\/wp-content\/uploads\/2021\/03\/WhatsApp-Video-2021-02-11-at-22.15.37.mp4?_=6\" \/><a href=\"https:\/\/congressinterceei.com\/iaseie\/wp-content\/uploads\/2021\/03\/WhatsApp-Video-2021-02-11-at-22.15.37.mp4\">https:\/\/congressinterceei.com\/iaseie\/wp-content\/uploads\/2021\/03\/WhatsApp-Video-2021-02-11-at-22.15.37.mp4<\/a><\/video><\/div>\t\t\t<\/div>\n\t\t<\/div>\n\n\n<hr class=\"wp-block-separator\"\/>\n\n\n\n<div class=\"wp-block-media-text alignwide is-stacked-on-mobile\"><figure class=\"wp-block-media-text__media\"><img loading=\"lazy\" decoding=\"async\" width=\"1024\" height=\"1020\" src=\"http:\/\/congressinterceei.com\/iaseie\/wp-content\/uploads\/2021\/03\/WhatsApp-Image-2021-02-15-at-21.44.30-1024x1020.jpeg\" alt=\"\" class=\"wp-image-1022\" srcset=\"https:\/\/congressinterceei.com\/iaseie\/wp-content\/uploads\/2021\/03\/WhatsApp-Image-2021-02-15-at-21.44.30-1024x1020.jpeg 1024w, https:\/\/congressinterceei.com\/iaseie\/wp-content\/uploads\/2021\/03\/WhatsApp-Image-2021-02-15-at-21.44.30-150x150.jpeg 150w, https:\/\/congressinterceei.com\/iaseie\/wp-content\/uploads\/2021\/03\/WhatsApp-Image-2021-02-15-at-21.44.30-300x300.jpeg 300w, https:\/\/congressinterceei.com\/iaseie\/wp-content\/uploads\/2021\/03\/WhatsApp-Image-2021-02-15-at-21.44.30-768x765.jpeg 768w, https:\/\/congressinterceei.com\/iaseie\/wp-content\/uploads\/2021\/03\/WhatsApp-Image-2021-02-15-at-21.44.30-75x75.jpeg 75w, https:\/\/congressinterceei.com\/iaseie\/wp-content\/uploads\/2021\/03\/WhatsApp-Image-2021-02-15-at-21.44.30.jpeg 1080w\" sizes=\"(max-width: 1024px) 100vw, 1024px\" \/><\/figure><div class=\"wp-block-media-text__content\">\n<p class=\"has-text-color has-medium-font-size has-vivid-cyan-blue-color\"><br><strong>Carla Aparecida Lopes<\/strong><\/p>\n\n\n\n<ul><li><em>Sorocaba\/SP.<\/em><\/li><li><em>Professora e Coach Educacional.<\/em><\/li><li><em>(15) 98840-1015 <\/em><\/li><li><em>carlasorte13@gmail.com<\/em><\/li><\/ul>\n<\/div><\/div>\n\n\n<div id=\"kgvid_kgvid_6_wrapper\" class=\"kgvid_wrapper\">\n\t\t\t<div id=\"video_kgvid_6_div\" class=\"fitvidsignore kgvid_videodiv\" data-id=\"kgvid_6\" data-kgvid_video_vars=\"{&quot;id&quot;:&quot;kgvid_6&quot;,&quot;attachment_id&quot;:1023,&quot;player_type&quot;:&quot;WordPress Default&quot;,&quot;width&quot;:&quot;640&quot;,&quot;height&quot;:&quot;352&quot;,&quot;fullwidth&quot;:&quot;true&quot;,&quot;fixed_aspect&quot;:&quot;vertical&quot;,&quot;countable&quot;:true,&quot;count_views&quot;:&quot;start_complete&quot;,&quot;start&quot;:&quot;&quot;,&quot;autoplay&quot;:&quot;false&quot;,&quot;pauseothervideos&quot;:&quot;true&quot;,&quot;set_volume&quot;:&quot;1&quot;,&quot;muted&quot;:&quot;false&quot;,&quot;meta&quot;:false,&quot;endofvideooverlay&quot;:&quot;&quot;,&quot;resize&quot;:&quot;true&quot;,&quot;auto_res&quot;:&quot;automatic&quot;,&quot;pixel_ratio&quot;:&quot;true&quot;,&quot;right_click&quot;:&quot;on&quot;,&quot;playback_rate&quot;:&quot;false&quot;,&quot;title&quot;:&quot;WhatsApp Video 2021-02-15 at 21.44.30&quot;}\" itemprop=\"video\" itemscope itemtype=\"https:\/\/schema.org\/VideoObject\"><meta itemprop=\"thumbnailUrl\" content=\"https:\/\/congressinterceei.com\/iaseie\/wp-content\/uploads\/2021\/03\/WhatsApp-Video-2021-02-15-at-21.44.30_thumb2.jpg\"><meta itemprop=\"embedUrl\" content=\"https:\/\/congressinterceei.com\/iaseie\/?attachment_id=1023&#038;kgvid_video_embed%5Benable%5D=true\"><meta itemprop=\"contentUrl\" content=\"https:\/\/congressinterceei.com\/iaseie\/wp-content\/uploads\/2021\/03\/WhatsApp-Video-2021-02-15-at-21.44.30.mp4\"><meta itemprop=\"name\" content=\"WhatsApp Video 2021-02-15 at 21.44.30\"><meta itemprop=\"description\" content=\"Video\"><meta itemprop=\"uploadDate\" content=\"2021-03-04T12:52:46-03:00\"><div style=\"width: 640px\" class=\"wp-video\"><video class=\"wp-video-shortcode\" id=\"video-927-7\" width=\"640\" height=\"352\" poster=\"https:\/\/congressinterceei.com\/iaseie\/wp-content\/uploads\/2021\/03\/WhatsApp-Video-2021-02-15-at-21.44.30_thumb2.jpg\" preload=\"metadata\" controls=\"controls\"><source type=\"video\/mp4\" src=\"https:\/\/congressinterceei.com\/iaseie\/wp-content\/uploads\/2021\/03\/WhatsApp-Video-2021-02-15-at-21.44.30.mp4?_=7\" \/><a href=\"https:\/\/congressinterceei.com\/iaseie\/wp-content\/uploads\/2021\/03\/WhatsApp-Video-2021-02-15-at-21.44.30.mp4\">https:\/\/congressinterceei.com\/iaseie\/wp-content\/uploads\/2021\/03\/WhatsApp-Video-2021-02-15-at-21.44.30.mp4<\/a><\/video><\/div>\t\t\t<\/div>\n\t\t<\/div>\n\n\n<hr class=\"wp-block-separator\"\/>\n\n\n\n<div class=\"wp-block-media-text alignwide is-stacked-on-mobile\"><figure class=\"wp-block-media-text__media\"><img loading=\"lazy\" decoding=\"async\" width=\"307\" height=\"331\" src=\"http:\/\/congressinterceei.com\/iaseie\/wp-content\/uploads\/2021\/03\/WhatsApp-Image-2021-02-16-at-20.13.00.jpeg\" alt=\"\" class=\"wp-image-1026\" srcset=\"https:\/\/congressinterceei.com\/iaseie\/wp-content\/uploads\/2021\/03\/WhatsApp-Image-2021-02-16-at-20.13.00.jpeg 307w, https:\/\/congressinterceei.com\/iaseie\/wp-content\/uploads\/2021\/03\/WhatsApp-Image-2021-02-16-at-20.13.00-278x300.jpeg 278w\" sizes=\"(max-width: 307px) 100vw, 307px\" \/><\/figure><div class=\"wp-block-media-text__content\">\n<p class=\"has-text-color has-medium-font-size has-vivid-cyan-blue-color\"><br><strong>Christiane Aparecida Pereira<\/strong><\/p>\n\n\n\n<ul><li><em>Tabo\u00e3o da Serra\/SP.<\/em><\/li><li><em>Life Coach e Contadora.<\/em><\/li><li><em>(11) 97085-5691<\/em><\/li><li><em>christianecassiano@gmail.com<\/em><\/li><\/ul>\n<\/div><\/div>\n\n\n<div id=\"kgvid_kgvid_7_wrapper\" class=\"kgvid_wrapper\">\n\t\t\t<div id=\"video_kgvid_7_div\" class=\"fitvidsignore kgvid_videodiv\" data-id=\"kgvid_7\" data-kgvid_video_vars=\"{&quot;id&quot;:&quot;kgvid_7&quot;,&quot;attachment_id&quot;:1027,&quot;player_type&quot;:&quot;WordPress Default&quot;,&quot;width&quot;:&quot;640&quot;,&quot;height&quot;:&quot;352&quot;,&quot;fullwidth&quot;:&quot;true&quot;,&quot;fixed_aspect&quot;:&quot;vertical&quot;,&quot;countable&quot;:true,&quot;count_views&quot;:&quot;start_complete&quot;,&quot;start&quot;:&quot;&quot;,&quot;autoplay&quot;:&quot;false&quot;,&quot;pauseothervideos&quot;:&quot;true&quot;,&quot;set_volume&quot;:&quot;1&quot;,&quot;muted&quot;:&quot;false&quot;,&quot;meta&quot;:false,&quot;endofvideooverlay&quot;:&quot;&quot;,&quot;resize&quot;:&quot;true&quot;,&quot;auto_res&quot;:&quot;automatic&quot;,&quot;pixel_ratio&quot;:&quot;true&quot;,&quot;right_click&quot;:&quot;on&quot;,&quot;playback_rate&quot;:&quot;false&quot;,&quot;title&quot;:&quot;WhatsApp Video 2021-02-16 at 20.13.01&quot;}\" itemprop=\"video\" itemscope itemtype=\"https:\/\/schema.org\/VideoObject\"><meta itemprop=\"thumbnailUrl\" content=\"https:\/\/congressinterceei.com\/iaseie\/wp-content\/uploads\/2021\/03\/WhatsApp-Video-2021-02-16-at-20.13.01_thumb2.jpg\"><meta itemprop=\"embedUrl\" content=\"https:\/\/congressinterceei.com\/iaseie\/?attachment_id=1027&#038;kgvid_video_embed%5Benable%5D=true\"><meta itemprop=\"contentUrl\" content=\"https:\/\/congressinterceei.com\/iaseie\/wp-content\/uploads\/2021\/03\/WhatsApp-Video-2021-02-16-at-20.13.01.mp4\"><meta itemprop=\"name\" content=\"WhatsApp Video 2021-02-16 at 20.13.01\"><meta itemprop=\"description\" content=\"Video\"><meta itemprop=\"uploadDate\" content=\"2021-03-04T12:58:41-03:00\"><div style=\"width: 640px\" class=\"wp-video\"><video class=\"wp-video-shortcode\" id=\"video-927-8\" width=\"640\" height=\"352\" poster=\"https:\/\/congressinterceei.com\/iaseie\/wp-content\/uploads\/2021\/03\/WhatsApp-Video-2021-02-16-at-20.13.01_thumb2.jpg\" preload=\"metadata\" controls=\"controls\"><source type=\"video\/mp4\" src=\"https:\/\/congressinterceei.com\/iaseie\/wp-content\/uploads\/2021\/03\/WhatsApp-Video-2021-02-16-at-20.13.01.mp4?_=8\" \/><a href=\"https:\/\/congressinterceei.com\/iaseie\/wp-content\/uploads\/2021\/03\/WhatsApp-Video-2021-02-16-at-20.13.01.mp4\">https:\/\/congressinterceei.com\/iaseie\/wp-content\/uploads\/2021\/03\/WhatsApp-Video-2021-02-16-at-20.13.01.mp4<\/a><\/video><\/div>\t\t\t<\/div>\n\t\t<\/div>\n\n\n<hr class=\"wp-block-separator\"\/>\n\n\n\n<div class=\"wp-block-media-text alignwide is-stacked-on-mobile\"><figure class=\"wp-block-media-text__media\"><img loading=\"lazy\" decoding=\"async\" width=\"576\" height=\"1024\" src=\"http:\/\/congressinterceei.com\/iaseie\/wp-content\/uploads\/2021\/03\/WhatsApp-Image-2021-02-16-at-20.16.35-576x1024.jpeg\" alt=\"\" class=\"wp-image-1030\" srcset=\"https:\/\/congressinterceei.com\/iaseie\/wp-content\/uploads\/2021\/03\/WhatsApp-Image-2021-02-16-at-20.16.35-576x1024.jpeg 576w, https:\/\/congressinterceei.com\/iaseie\/wp-content\/uploads\/2021\/03\/WhatsApp-Image-2021-02-16-at-20.16.35-169x300.jpeg 169w, https:\/\/congressinterceei.com\/iaseie\/wp-content\/uploads\/2021\/03\/WhatsApp-Image-2021-02-16-at-20.16.35.jpeg 720w\" sizes=\"(max-width: 576px) 100vw, 576px\" \/><\/figure><div class=\"wp-block-media-text__content\">\n<p class=\"has-text-color has-medium-font-size has-vivid-cyan-blue-color\"><br><strong>Michelle Michi Ortega Suzuki<\/strong><\/p>\n\n\n\n<ul><li><em>S\u00e3o Paulo\/SP.<\/em><\/li><li><em>Coach com foco no Desenvolvimento da Auto Estima Feminina.<\/em><\/li><li><em>(11) 98415-0032<\/em><\/li><li><em>michellesuzuki@hotmail.com<\/em><\/li><\/ul>\n<\/div><\/div>\n\n\n<div id=\"kgvid_kgvid_8_wrapper\" class=\"kgvid_wrapper\">\n\t\t\t<div id=\"video_kgvid_8_div\" class=\"fitvidsignore kgvid_videodiv\" data-id=\"kgvid_8\" data-kgvid_video_vars=\"{&quot;id&quot;:&quot;kgvid_8&quot;,&quot;attachment_id&quot;:1031,&quot;player_type&quot;:&quot;WordPress Default&quot;,&quot;width&quot;:&quot;640&quot;,&quot;height&quot;:&quot;362&quot;,&quot;fullwidth&quot;:&quot;true&quot;,&quot;fixed_aspect&quot;:&quot;vertical&quot;,&quot;countable&quot;:true,&quot;count_views&quot;:&quot;start_complete&quot;,&quot;start&quot;:&quot;&quot;,&quot;autoplay&quot;:&quot;false&quot;,&quot;pauseothervideos&quot;:&quot;true&quot;,&quot;set_volume&quot;:&quot;1&quot;,&quot;muted&quot;:&quot;false&quot;,&quot;meta&quot;:false,&quot;endofvideooverlay&quot;:&quot;&quot;,&quot;resize&quot;:&quot;true&quot;,&quot;auto_res&quot;:&quot;automatic&quot;,&quot;pixel_ratio&quot;:&quot;true&quot;,&quot;right_click&quot;:&quot;on&quot;,&quot;playback_rate&quot;:&quot;false&quot;,&quot;title&quot;:&quot;WhatsApp Video 2021-02-16 at 20.16.35&quot;}\" itemprop=\"video\" itemscope itemtype=\"https:\/\/schema.org\/VideoObject\"><meta itemprop=\"thumbnailUrl\" content=\"https:\/\/congressinterceei.com\/iaseie\/wp-content\/uploads\/2021\/03\/WhatsApp-Video-2021-02-16-at-20.16.35_thumb2.jpg\"><meta itemprop=\"embedUrl\" content=\"https:\/\/congressinterceei.com\/iaseie\/?attachment_id=1031&#038;kgvid_video_embed%5Benable%5D=true\"><meta itemprop=\"contentUrl\" content=\"https:\/\/congressinterceei.com\/iaseie\/wp-content\/uploads\/2021\/03\/WhatsApp-Video-2021-02-16-at-20.16.35.mp4\"><meta itemprop=\"name\" content=\"WhatsApp Video 2021-02-16 at 20.16.35\"><meta itemprop=\"description\" content=\"Video\"><meta itemprop=\"uploadDate\" content=\"2021-03-04T13:02:19-03:00\"><div style=\"width: 640px\" class=\"wp-video\"><video class=\"wp-video-shortcode\" id=\"video-927-9\" width=\"640\" height=\"362\" poster=\"https:\/\/congressinterceei.com\/iaseie\/wp-content\/uploads\/2021\/03\/WhatsApp-Video-2021-02-16-at-20.16.35_thumb2.jpg\" preload=\"metadata\" controls=\"controls\"><source type=\"video\/mp4\" src=\"https:\/\/congressinterceei.com\/iaseie\/wp-content\/uploads\/2021\/03\/WhatsApp-Video-2021-02-16-at-20.16.35.mp4?_=9\" \/><a href=\"https:\/\/congressinterceei.com\/iaseie\/wp-content\/uploads\/2021\/03\/WhatsApp-Video-2021-02-16-at-20.16.35.mp4\">https:\/\/congressinterceei.com\/iaseie\/wp-content\/uploads\/2021\/03\/WhatsApp-Video-2021-02-16-at-20.16.35.mp4<\/a><\/video><\/div>\t\t\t<\/div>\n\t\t<\/div>\n\n\n<hr class=\"wp-block-separator\"\/>\n\n\n\n<div class=\"wp-block-media-text alignwide is-stacked-on-mobile\"><figure class=\"wp-block-media-text__media\"><img loading=\"lazy\" decoding=\"async\" width=\"1001\" height=\"1024\" src=\"http:\/\/congressinterceei.com\/iaseie\/wp-content\/uploads\/2021\/03\/WhatsApp-Image-2021-02-16-at-23.30.25-1001x1024.jpeg\" alt=\"\" class=\"wp-image-1035\" srcset=\"https:\/\/congressinterceei.com\/iaseie\/wp-content\/uploads\/2021\/03\/WhatsApp-Image-2021-02-16-at-23.30.25-1001x1024.jpeg 1001w, https:\/\/congressinterceei.com\/iaseie\/wp-content\/uploads\/2021\/03\/WhatsApp-Image-2021-02-16-at-23.30.25-293x300.jpeg 293w, https:\/\/congressinterceei.com\/iaseie\/wp-content\/uploads\/2021\/03\/WhatsApp-Image-2021-02-16-at-23.30.25-768x786.jpeg 768w, https:\/\/congressinterceei.com\/iaseie\/wp-content\/uploads\/2021\/03\/WhatsApp-Image-2021-02-16-at-23.30.25-1140x1166.jpeg 1140w, https:\/\/congressinterceei.com\/iaseie\/wp-content\/uploads\/2021\/03\/WhatsApp-Image-2021-02-16-at-23.30.25.jpeg 1251w\" sizes=\"(max-width: 1001px) 100vw, 1001px\" \/><\/figure><div class=\"wp-block-media-text__content\">\n<p class=\"has-text-color has-medium-font-size has-vivid-cyan-blue-color\"><br><strong>D\u00e9bora Pedrosa <\/strong><\/p>\n\n\n\n<ul><li><em>S\u00e3o Paulo\/SP.<\/em><\/li><li><em>Coach e Palestrante pela Febracis.<\/em><\/li><li><em>(11) 97994-8405<\/em><\/li><li><em>deborapedrosacoach@gmail.com<\/em><\/li><\/ul>\n<\/div><\/div>\n\n\n<div id=\"kgvid_kgvid_9_wrapper\" class=\"kgvid_wrapper\">\n\t\t\t<div id=\"video_kgvid_9_div\" class=\"fitvidsignore kgvid_videodiv\" data-id=\"kgvid_9\" data-kgvid_video_vars=\"{&quot;id&quot;:&quot;kgvid_9&quot;,&quot;attachment_id&quot;:1036,&quot;player_type&quot;:&quot;WordPress Default&quot;,&quot;width&quot;:&quot;640&quot;,&quot;height&quot;:&quot;362&quot;,&quot;fullwidth&quot;:&quot;true&quot;,&quot;fixed_aspect&quot;:&quot;vertical&quot;,&quot;countable&quot;:true,&quot;count_views&quot;:&quot;start_complete&quot;,&quot;start&quot;:&quot;&quot;,&quot;autoplay&quot;:&quot;false&quot;,&quot;pauseothervideos&quot;:&quot;true&quot;,&quot;set_volume&quot;:&quot;1&quot;,&quot;muted&quot;:&quot;false&quot;,&quot;meta&quot;:false,&quot;endofvideooverlay&quot;:&quot;&quot;,&quot;resize&quot;:&quot;true&quot;,&quot;auto_res&quot;:&quot;automatic&quot;,&quot;pixel_ratio&quot;:&quot;true&quot;,&quot;right_click&quot;:&quot;on&quot;,&quot;playback_rate&quot;:&quot;false&quot;,&quot;title&quot;:&quot;WhatsApp Video 2021-02-16 at 23.30.25&quot;}\" itemprop=\"video\" itemscope itemtype=\"https:\/\/schema.org\/VideoObject\"><meta itemprop=\"thumbnailUrl\" content=\"https:\/\/congressinterceei.com\/iaseie\/wp-content\/uploads\/2021\/03\/WhatsApp-Video-2021-02-16-at-23.30.25_thumb2.jpg\"><meta itemprop=\"embedUrl\" content=\"https:\/\/congressinterceei.com\/iaseie\/?attachment_id=1036&#038;kgvid_video_embed%5Benable%5D=true\"><meta itemprop=\"contentUrl\" content=\"https:\/\/congressinterceei.com\/iaseie\/wp-content\/uploads\/2021\/03\/WhatsApp-Video-2021-02-16-at-23.30.25.mp4\"><meta itemprop=\"name\" content=\"WhatsApp Video 2021-02-16 at 23.30.25\"><meta itemprop=\"description\" content=\"Video\"><meta itemprop=\"uploadDate\" content=\"2021-03-04T13:06:44-03:00\"><div style=\"width: 640px\" class=\"wp-video\"><video class=\"wp-video-shortcode\" id=\"video-927-10\" width=\"640\" height=\"362\" poster=\"https:\/\/congressinterceei.com\/iaseie\/wp-content\/uploads\/2021\/03\/WhatsApp-Video-2021-02-16-at-23.30.25_thumb2.jpg\" preload=\"metadata\" controls=\"controls\"><source type=\"video\/mp4\" src=\"https:\/\/congressinterceei.com\/iaseie\/wp-content\/uploads\/2021\/03\/WhatsApp-Video-2021-02-16-at-23.30.25.mp4?_=10\" \/><a href=\"https:\/\/congressinterceei.com\/iaseie\/wp-content\/uploads\/2021\/03\/WhatsApp-Video-2021-02-16-at-23.30.25.mp4\">https:\/\/congressinterceei.com\/iaseie\/wp-content\/uploads\/2021\/03\/WhatsApp-Video-2021-02-16-at-23.30.25.mp4<\/a><\/video><\/div>\t\t\t<\/div>\n\t\t<\/div>\n\n\n<hr class=\"wp-block-separator\"\/>\n\n\n\n<div class=\"wp-block-media-text alignwide is-stacked-on-mobile\"><figure class=\"wp-block-media-text__media\"><img loading=\"lazy\" decoding=\"async\" width=\"768\" height=\"1024\" src=\"http:\/\/congressinterceei.com\/iaseie\/wp-content\/uploads\/2021\/03\/WhatsApp-Image-2021-02-23-at-21.43.47-768x1024.jpeg\" alt=\"\" class=\"wp-image-1039\" srcset=\"https:\/\/congressinterceei.com\/iaseie\/wp-content\/uploads\/2021\/03\/WhatsApp-Image-2021-02-23-at-21.43.47-768x1024.jpeg 768w, https:\/\/congressinterceei.com\/iaseie\/wp-content\/uploads\/2021\/03\/WhatsApp-Image-2021-02-23-at-21.43.47-225x300.jpeg 225w, https:\/\/congressinterceei.com\/iaseie\/wp-content\/uploads\/2021\/03\/WhatsApp-Image-2021-02-23-at-21.43.47.jpeg 864w\" sizes=\"(max-width: 768px) 100vw, 768px\" \/><\/figure><div class=\"wp-block-media-text__content\">\n<p class=\"has-text-color has-medium-font-size has-vivid-cyan-blue-color\"><br><strong>Andr\u00e9ia Cristiane Peres<\/strong><\/p>\n\n\n\n<ul><li><em>Nasceu em Botucatu e mora em Osasco\/SP.<\/em><\/li><li><em>Economista e Coach Integral Sist\u00eamico.<\/em><\/li><li><em>(11) 99168-0952<\/em><\/li><li><em>peresandreia4@gmail.com<\/em><\/li><\/ul>\n<\/div><\/div>\n\n\n<div id=\"kgvid_kgvid_10_wrapper\" class=\"kgvid_wrapper\">\n\t\t\t<div id=\"video_kgvid_10_div\" class=\"fitvidsignore kgvid_videodiv\" data-id=\"kgvid_10\" data-kgvid_video_vars=\"{&quot;id&quot;:&quot;kgvid_10&quot;,&quot;attachment_id&quot;:1040,&quot;player_type&quot;:&quot;WordPress Default&quot;,&quot;width&quot;:&quot;640&quot;,&quot;height&quot;:&quot;352&quot;,&quot;fullwidth&quot;:&quot;true&quot;,&quot;fixed_aspect&quot;:&quot;vertical&quot;,&quot;countable&quot;:true,&quot;count_views&quot;:&quot;start_complete&quot;,&quot;start&quot;:&quot;&quot;,&quot;autoplay&quot;:&quot;false&quot;,&quot;pauseothervideos&quot;:&quot;true&quot;,&quot;set_volume&quot;:&quot;1&quot;,&quot;muted&quot;:&quot;false&quot;,&quot;meta&quot;:false,&quot;endofvideooverlay&quot;:&quot;&quot;,&quot;resize&quot;:&quot;true&quot;,&quot;auto_res&quot;:&quot;automatic&quot;,&quot;pixel_ratio&quot;:&quot;true&quot;,&quot;right_click&quot;:&quot;on&quot;,&quot;playback_rate&quot;:&quot;false&quot;,&quot;title&quot;:&quot;WhatsApp Video 2021-03-04 at 13.11.06&quot;}\" itemprop=\"video\" itemscope itemtype=\"https:\/\/schema.org\/VideoObject\"><meta itemprop=\"thumbnailUrl\" content=\"https:\/\/congressinterceei.com\/iaseie\/wp-content\/uploads\/2021\/03\/WhatsApp-Video-2021-03-04-at-13.11.06_thumb2.jpg\"><meta itemprop=\"embedUrl\" content=\"https:\/\/congressinterceei.com\/iaseie\/?attachment_id=1040&#038;kgvid_video_embed%5Benable%5D=true\"><meta itemprop=\"contentUrl\" content=\"https:\/\/congressinterceei.com\/iaseie\/wp-content\/uploads\/2021\/03\/WhatsApp-Video-2021-03-04-at-13.11.06.mp4\"><meta itemprop=\"name\" content=\"WhatsApp Video 2021-03-04 at 13.11.06\"><meta itemprop=\"description\" content=\"Video\"><meta itemprop=\"uploadDate\" content=\"2021-03-04T13:12:37-03:00\"><div style=\"width: 640px\" class=\"wp-video\"><video class=\"wp-video-shortcode\" id=\"video-927-11\" width=\"640\" height=\"352\" poster=\"https:\/\/congressinterceei.com\/iaseie\/wp-content\/uploads\/2021\/03\/WhatsApp-Video-2021-03-04-at-13.11.06_thumb2.jpg\" preload=\"metadata\" controls=\"controls\"><source type=\"video\/mp4\" src=\"https:\/\/congressinterceei.com\/iaseie\/wp-content\/uploads\/2021\/03\/WhatsApp-Video-2021-03-04-at-13.11.06.mp4?_=11\" \/><a href=\"https:\/\/congressinterceei.com\/iaseie\/wp-content\/uploads\/2021\/03\/WhatsApp-Video-2021-03-04-at-13.11.06.mp4\">https:\/\/congressinterceei.com\/iaseie\/wp-content\/uploads\/2021\/03\/WhatsApp-Video-2021-03-04-at-13.11.06.mp4<\/a><\/video><\/div>\t\t\t<\/div>\n\t\t<\/div>\n\n\n<hr class=\"wp-block-separator\"\/>\n\n\n\n<div class=\"wp-block-media-text alignwide is-stacked-on-mobile\"><figure class=\"wp-block-media-text__media\"><img loading=\"lazy\" decoding=\"async\" width=\"631\" height=\"1024\" src=\"http:\/\/congressinterceei.com\/iaseie\/wp-content\/uploads\/2021\/03\/WhatsApp-Image-2021-02-23-at-21.58.37-631x1024.jpeg\" alt=\"\" class=\"wp-image-1043\" srcset=\"https:\/\/congressinterceei.com\/iaseie\/wp-content\/uploads\/2021\/03\/WhatsApp-Image-2021-02-23-at-21.58.37-631x1024.jpeg 631w, https:\/\/congressinterceei.com\/iaseie\/wp-content\/uploads\/2021\/03\/WhatsApp-Image-2021-02-23-at-21.58.37-185x300.jpeg 185w, https:\/\/congressinterceei.com\/iaseie\/wp-content\/uploads\/2021\/03\/WhatsApp-Image-2021-02-23-at-21.58.37.jpeg 653w\" sizes=\"(max-width: 631px) 100vw, 631px\" \/><\/figure><div class=\"wp-block-media-text__content\">\n<p class=\"has-text-color has-medium-font-size has-vivid-cyan-blue-color\"><br><strong>Adriana Pereira Pinheiro dos Santos<\/strong><\/p>\n\n\n\n<ul><li><em>S\u00e3o Paulo\/SP.<\/em><\/li><li><em>Especialista em Autoconhecimento Emocional e Estudante de Psicologia.<\/em><\/li><li><em>(11) 99656-7271<\/em><\/li><li><em>pinheiroadri@gmail.com<\/em><\/li><\/ul>\n<\/div><\/div>\n\n\n<div id=\"kgvid_kgvid_11_wrapper\" class=\"kgvid_wrapper\">\n\t\t\t<div id=\"video_kgvid_11_div\" class=\"fitvidsignore kgvid_videodiv\" data-id=\"kgvid_11\" data-kgvid_video_vars=\"{&quot;id&quot;:&quot;kgvid_11&quot;,&quot;attachment_id&quot;:1044,&quot;player_type&quot;:&quot;WordPress Default&quot;,&quot;width&quot;:&quot;640&quot;,&quot;height&quot;:&quot;288&quot;,&quot;fullwidth&quot;:&quot;true&quot;,&quot;fixed_aspect&quot;:&quot;vertical&quot;,&quot;countable&quot;:true,&quot;count_views&quot;:&quot;start_complete&quot;,&quot;start&quot;:&quot;&quot;,&quot;autoplay&quot;:&quot;false&quot;,&quot;pauseothervideos&quot;:&quot;true&quot;,&quot;set_volume&quot;:&quot;1&quot;,&quot;muted&quot;:&quot;false&quot;,&quot;meta&quot;:false,&quot;endofvideooverlay&quot;:&quot;&quot;,&quot;resize&quot;:&quot;true&quot;,&quot;auto_res&quot;:&quot;automatic&quot;,&quot;pixel_ratio&quot;:&quot;true&quot;,&quot;right_click&quot;:&quot;on&quot;,&quot;playback_rate&quot;:&quot;false&quot;,&quot;title&quot;:&quot;WhatsApp Video 2021-02-23 at 21.58.37&quot;}\" itemprop=\"video\" itemscope itemtype=\"https:\/\/schema.org\/VideoObject\"><meta itemprop=\"thumbnailUrl\" content=\"https:\/\/congressinterceei.com\/iaseie\/wp-content\/uploads\/2021\/03\/WhatsApp-Video-2021-02-23-at-21.58.37_thumb2.jpg\"><meta itemprop=\"embedUrl\" content=\"https:\/\/congressinterceei.com\/iaseie\/?attachment_id=1044&#038;kgvid_video_embed%5Benable%5D=true\"><meta itemprop=\"contentUrl\" content=\"https:\/\/congressinterceei.com\/iaseie\/wp-content\/uploads\/2021\/03\/WhatsApp-Video-2021-02-23-at-21.58.37.mp4\"><meta itemprop=\"name\" content=\"WhatsApp Video 2021-02-23 at 21.58.37\"><meta itemprop=\"description\" content=\"Video\"><meta itemprop=\"uploadDate\" content=\"2021-03-04T13:18:02-03:00\"><div style=\"width: 640px\" class=\"wp-video\"><video class=\"wp-video-shortcode\" id=\"video-927-12\" width=\"640\" height=\"288\" poster=\"https:\/\/congressinterceei.com\/iaseie\/wp-content\/uploads\/2021\/03\/WhatsApp-Video-2021-02-23-at-21.58.37_thumb2.jpg\" preload=\"metadata\" controls=\"controls\"><source type=\"video\/mp4\" src=\"https:\/\/congressinterceei.com\/iaseie\/wp-content\/uploads\/2021\/03\/WhatsApp-Video-2021-02-23-at-21.58.37.mp4?_=12\" \/><a href=\"https:\/\/congressinterceei.com\/iaseie\/wp-content\/uploads\/2021\/03\/WhatsApp-Video-2021-02-23-at-21.58.37.mp4\">https:\/\/congressinterceei.com\/iaseie\/wp-content\/uploads\/2021\/03\/WhatsApp-Video-2021-02-23-at-21.58.37.mp4<\/a><\/video><\/div>\t\t\t<\/div>\n\t\t<\/div>\n\n\n<hr class=\"wp-block-separator\"\/>\n\n\n\n<div class=\"wp-block-media-text alignwide is-stacked-on-mobile\"><figure class=\"wp-block-media-text__media\"><img loading=\"lazy\" decoding=\"async\" width=\"687\" height=\"1024\" src=\"http:\/\/congressinterceei.com\/iaseie\/wp-content\/uploads\/2021\/03\/WhatsApp-Image-2021-02-24-at-18.33.09-687x1024.jpeg\" alt=\"\" class=\"wp-image-1047\" srcset=\"https:\/\/congressinterceei.com\/iaseie\/wp-content\/uploads\/2021\/03\/WhatsApp-Image-2021-02-24-at-18.33.09-687x1024.jpeg 687w, https:\/\/congressinterceei.com\/iaseie\/wp-content\/uploads\/2021\/03\/WhatsApp-Image-2021-02-24-at-18.33.09-201x300.jpeg 201w, https:\/\/congressinterceei.com\/iaseie\/wp-content\/uploads\/2021\/03\/WhatsApp-Image-2021-02-24-at-18.33.09-768x1144.jpeg 768w, https:\/\/congressinterceei.com\/iaseie\/wp-content\/uploads\/2021\/03\/WhatsApp-Image-2021-02-24-at-18.33.09.jpeg 859w\" sizes=\"(max-width: 687px) 100vw, 687px\" \/><\/figure><div class=\"wp-block-media-text__content\">\n<p class=\"has-text-color has-medium-font-size has-vivid-cyan-blue-color\"><br><strong>Igor Pacheco Cardoso<\/strong><\/p>\n\n\n\n<ul><li><em>S\u00e3o Paulo\/SP.<\/em><\/li><li><em>Coach Integral Sist\u00eamico.<\/em><\/li><li><em>(11) 93290-8501<\/em><\/li><li><em>igorpcardoso12@gmail.com<\/em><\/li><\/ul>\n<\/div><\/div>\n\n\n<div id=\"kgvid_kgvid_12_wrapper\" class=\"kgvid_wrapper\">\n\t\t\t<div id=\"video_kgvid_12_div\" class=\"fitvidsignore kgvid_videodiv\" data-id=\"kgvid_12\" data-kgvid_video_vars=\"{&quot;id&quot;:&quot;kgvid_12&quot;,&quot;attachment_id&quot;:1048,&quot;player_type&quot;:&quot;WordPress Default&quot;,&quot;width&quot;:&quot;640&quot;,&quot;height&quot;:&quot;320&quot;,&quot;fullwidth&quot;:&quot;true&quot;,&quot;fixed_aspect&quot;:&quot;vertical&quot;,&quot;countable&quot;:true,&quot;count_views&quot;:&quot;start_complete&quot;,&quot;start&quot;:&quot;&quot;,&quot;autoplay&quot;:&quot;false&quot;,&quot;pauseothervideos&quot;:&quot;true&quot;,&quot;set_volume&quot;:&quot;1&quot;,&quot;muted&quot;:&quot;false&quot;,&quot;meta&quot;:false,&quot;endofvideooverlay&quot;:&quot;&quot;,&quot;resize&quot;:&quot;true&quot;,&quot;auto_res&quot;:&quot;automatic&quot;,&quot;pixel_ratio&quot;:&quot;true&quot;,&quot;right_click&quot;:&quot;on&quot;,&quot;playback_rate&quot;:&quot;false&quot;,&quot;title&quot;:&quot;WhatsApp Video 2021-02-24 at 18.33.09&quot;}\" itemprop=\"video\" itemscope itemtype=\"https:\/\/schema.org\/VideoObject\"><meta itemprop=\"thumbnailUrl\" content=\"https:\/\/congressinterceei.com\/iaseie\/wp-content\/uploads\/2021\/03\/WhatsApp-Video-2021-02-24-at-18.33.09_thumb2.jpg\"><meta itemprop=\"embedUrl\" content=\"https:\/\/congressinterceei.com\/iaseie\/?attachment_id=1048&#038;kgvid_video_embed%5Benable%5D=true\"><meta itemprop=\"contentUrl\" content=\"https:\/\/congressinterceei.com\/iaseie\/wp-content\/uploads\/2021\/03\/WhatsApp-Video-2021-02-24-at-18.33.09.mp4\"><meta itemprop=\"name\" content=\"WhatsApp Video 2021-02-24 at 18.33.09\"><meta itemprop=\"description\" content=\"Video\"><meta itemprop=\"uploadDate\" content=\"2021-03-04T13:23:13-03:00\"><div style=\"width: 640px\" class=\"wp-video\"><video class=\"wp-video-shortcode\" id=\"video-927-13\" width=\"640\" height=\"320\" poster=\"https:\/\/congressinterceei.com\/iaseie\/wp-content\/uploads\/2021\/03\/WhatsApp-Video-2021-02-24-at-18.33.09_thumb2.jpg\" preload=\"metadata\" controls=\"controls\"><source type=\"video\/mp4\" src=\"https:\/\/congressinterceei.com\/iaseie\/wp-content\/uploads\/2021\/03\/WhatsApp-Video-2021-02-24-at-18.33.09.mp4?_=13\" \/><a href=\"https:\/\/congressinterceei.com\/iaseie\/wp-content\/uploads\/2021\/03\/WhatsApp-Video-2021-02-24-at-18.33.09.mp4\">https:\/\/congressinterceei.com\/iaseie\/wp-content\/uploads\/2021\/03\/WhatsApp-Video-2021-02-24-at-18.33.09.mp4<\/a><\/video><\/div>\t\t\t<\/div>\n\t\t<\/div>\n\n\n<hr class=\"wp-block-separator\"\/>\n\n\n\n<div class=\"wp-block-media-text alignwide is-stacked-on-mobile\"><figure class=\"wp-block-media-text__media\"><img loading=\"lazy\" decoding=\"async\" width=\"1024\" height=\"682\" src=\"http:\/\/congressinterceei.com\/iaseie\/wp-content\/uploads\/2021\/03\/WhatsApp-Image-2021-02-24-at-19.08.42-1024x682.jpeg\" alt=\"\" class=\"wp-image-1051\" srcset=\"https:\/\/congressinterceei.com\/iaseie\/wp-content\/uploads\/2021\/03\/WhatsApp-Image-2021-02-24-at-19.08.42-1024x682.jpeg 1024w, https:\/\/congressinterceei.com\/iaseie\/wp-content\/uploads\/2021\/03\/WhatsApp-Image-2021-02-24-at-19.08.42-300x200.jpeg 300w, https:\/\/congressinterceei.com\/iaseie\/wp-content\/uploads\/2021\/03\/WhatsApp-Image-2021-02-24-at-19.08.42-768x512.jpeg 768w, https:\/\/congressinterceei.com\/iaseie\/wp-content\/uploads\/2021\/03\/WhatsApp-Image-2021-02-24-at-19.08.42-1140x760.jpeg 1140w, https:\/\/congressinterceei.com\/iaseie\/wp-content\/uploads\/2021\/03\/WhatsApp-Image-2021-02-24-at-19.08.42.jpeg 1280w\" sizes=\"(max-width: 1024px) 100vw, 1024px\" \/><\/figure><div class=\"wp-block-media-text__content\">\n<p class=\"has-text-color has-medium-font-size has-vivid-cyan-blue-color\"><br><strong>Karina Furtado Moreira<\/strong><\/p>\n\n\n\n<ul><li><em>De Bras\u00edlia-DF, mora em S\u00e3o Paulo SP.<\/em><\/li><li><em>Terapeuta Ocupacional e Integrativa.<\/em><\/li><li><em>(11) 99232-0010<\/em><\/li><li><em>karimoreira@hotmail.com<\/em><\/li><\/ul>\n<\/div><\/div>\n\n\n<div id=\"kgvid_kgvid_13_wrapper\" class=\"kgvid_wrapper\">\n\t\t\t<div id=\"video_kgvid_13_div\" class=\"fitvidsignore kgvid_videodiv\" data-id=\"kgvid_13\" data-kgvid_video_vars=\"{&quot;id&quot;:&quot;kgvid_13&quot;,&quot;attachment_id&quot;:1052,&quot;player_type&quot;:&quot;WordPress Default&quot;,&quot;width&quot;:&quot;640&quot;,&quot;height&quot;:&quot;352&quot;,&quot;fullwidth&quot;:&quot;true&quot;,&quot;fixed_aspect&quot;:&quot;vertical&quot;,&quot;countable&quot;:true,&quot;count_views&quot;:&quot;start_complete&quot;,&quot;start&quot;:&quot;&quot;,&quot;autoplay&quot;:&quot;false&quot;,&quot;pauseothervideos&quot;:&quot;true&quot;,&quot;set_volume&quot;:&quot;1&quot;,&quot;muted&quot;:&quot;false&quot;,&quot;meta&quot;:false,&quot;endofvideooverlay&quot;:&quot;&quot;,&quot;resize&quot;:&quot;true&quot;,&quot;auto_res&quot;:&quot;automatic&quot;,&quot;pixel_ratio&quot;:&quot;true&quot;,&quot;right_click&quot;:&quot;on&quot;,&quot;playback_rate&quot;:&quot;false&quot;,&quot;title&quot;:&quot;WhatsApp Video 2021-02-24 at 19.08.42&quot;}\" itemprop=\"video\" itemscope itemtype=\"https:\/\/schema.org\/VideoObject\"><meta itemprop=\"thumbnailUrl\" content=\"https:\/\/congressinterceei.com\/iaseie\/wp-content\/uploads\/2021\/03\/WhatsApp-Video-2021-02-24-at-19.08.42_thumb2.jpg\"><meta itemprop=\"embedUrl\" content=\"https:\/\/congressinterceei.com\/iaseie\/?attachment_id=1052&#038;kgvid_video_embed%5Benable%5D=true\"><meta itemprop=\"contentUrl\" content=\"https:\/\/congressinterceei.com\/iaseie\/wp-content\/uploads\/2021\/03\/WhatsApp-Video-2021-02-24-at-19.08.42.mp4\"><meta itemprop=\"name\" content=\"WhatsApp Video 2021-02-24 at 19.08.42\"><meta itemprop=\"description\" content=\"Video\"><meta itemprop=\"uploadDate\" content=\"2021-03-04T13:27:32-03:00\"><div style=\"width: 640px\" class=\"wp-video\"><video class=\"wp-video-shortcode\" id=\"video-927-14\" width=\"640\" height=\"352\" poster=\"https:\/\/congressinterceei.com\/iaseie\/wp-content\/uploads\/2021\/03\/WhatsApp-Video-2021-02-24-at-19.08.42_thumb2.jpg\" preload=\"metadata\" controls=\"controls\"><source type=\"video\/mp4\" src=\"https:\/\/congressinterceei.com\/iaseie\/wp-content\/uploads\/2021\/03\/WhatsApp-Video-2021-02-24-at-19.08.42.mp4?_=14\" \/><a href=\"https:\/\/congressinterceei.com\/iaseie\/wp-content\/uploads\/2021\/03\/WhatsApp-Video-2021-02-24-at-19.08.42.mp4\">https:\/\/congressinterceei.com\/iaseie\/wp-content\/uploads\/2021\/03\/WhatsApp-Video-2021-02-24-at-19.08.42.mp4<\/a><\/video><\/div>\t\t\t<\/div>\n\t\t<\/div>\n\n\n<hr class=\"wp-block-separator\"\/>\n\n\n\n<div class=\"wp-block-media-text alignwide is-stacked-on-mobile\"><figure class=\"wp-block-media-text__media\"><img loading=\"lazy\" decoding=\"async\" width=\"982\" height=\"1024\" src=\"http:\/\/congressinterceei.com\/iaseie\/wp-content\/uploads\/2021\/03\/WhatsApp-Image-2021-02-24-at-22.42.56-982x1024.jpeg\" alt=\"\" class=\"wp-image-1055\" srcset=\"https:\/\/congressinterceei.com\/iaseie\/wp-content\/uploads\/2021\/03\/WhatsApp-Image-2021-02-24-at-22.42.56-982x1024.jpeg 982w, https:\/\/congressinterceei.com\/iaseie\/wp-content\/uploads\/2021\/03\/WhatsApp-Image-2021-02-24-at-22.42.56-288x300.jpeg 288w, https:\/\/congressinterceei.com\/iaseie\/wp-content\/uploads\/2021\/03\/WhatsApp-Image-2021-02-24-at-22.42.56-768x801.jpeg 768w, https:\/\/congressinterceei.com\/iaseie\/wp-content\/uploads\/2021\/03\/WhatsApp-Image-2021-02-24-at-22.42.56-1140x1188.jpeg 1140w, https:\/\/congressinterceei.com\/iaseie\/wp-content\/uploads\/2021\/03\/WhatsApp-Image-2021-02-24-at-22.42.56.jpeg 1228w\" sizes=\"(max-width: 982px) 100vw, 982px\" \/><\/figure><div class=\"wp-block-media-text__content\">\n<p class=\"has-text-color has-medium-font-size has-vivid-cyan-blue-color\"><br><strong>Geyse Alencar<\/strong><\/p>\n\n\n\n<ul><li><em>S\u00e3o Paulo\/SP.<\/em><\/li><li><em>Jornalista e Coach Integral Sist\u00ebmico.<\/em><\/li><li><em>(11) 99376-4614<\/em><\/li><li><em>geysealencar1@gmail.com<\/em><\/li><\/ul>\n<\/div><\/div>\n\n\n<div id=\"kgvid_kgvid_14_wrapper\" class=\"kgvid_wrapper\">\n\t\t\t<div id=\"video_kgvid_14_div\" class=\"fitvidsignore kgvid_videodiv\" data-id=\"kgvid_14\" data-kgvid_video_vars=\"{&quot;id&quot;:&quot;kgvid_14&quot;,&quot;attachment_id&quot;:1056,&quot;player_type&quot;:&quot;WordPress Default&quot;,&quot;width&quot;:&quot;640&quot;,&quot;height&quot;:&quot;352&quot;,&quot;fullwidth&quot;:&quot;true&quot;,&quot;fixed_aspect&quot;:&quot;vertical&quot;,&quot;countable&quot;:true,&quot;count_views&quot;:&quot;start_complete&quot;,&quot;start&quot;:&quot;&quot;,&quot;autoplay&quot;:&quot;false&quot;,&quot;pauseothervideos&quot;:&quot;true&quot;,&quot;set_volume&quot;:&quot;1&quot;,&quot;muted&quot;:&quot;false&quot;,&quot;meta&quot;:false,&quot;endofvideooverlay&quot;:&quot;&quot;,&quot;resize&quot;:&quot;true&quot;,&quot;auto_res&quot;:&quot;automatic&quot;,&quot;pixel_ratio&quot;:&quot;true&quot;,&quot;right_click&quot;:&quot;on&quot;,&quot;playback_rate&quot;:&quot;false&quot;,&quot;title&quot;:&quot;WhatsApp Video 2021-02-24 at 22.42.55&quot;}\" itemprop=\"video\" itemscope itemtype=\"https:\/\/schema.org\/VideoObject\"><meta itemprop=\"thumbnailUrl\" content=\"https:\/\/congressinterceei.com\/iaseie\/wp-content\/uploads\/2021\/03\/WhatsApp-Video-2021-02-24-at-22.42.55_thumb2.jpg\"><meta itemprop=\"embedUrl\" content=\"https:\/\/congressinterceei.com\/iaseie\/?attachment_id=1056&#038;kgvid_video_embed%5Benable%5D=true\"><meta itemprop=\"contentUrl\" content=\"https:\/\/congressinterceei.com\/iaseie\/wp-content\/uploads\/2021\/03\/WhatsApp-Video-2021-02-24-at-22.42.55.mp4\"><meta itemprop=\"name\" content=\"WhatsApp Video 2021-02-24 at 22.42.55\"><meta itemprop=\"description\" content=\"Video\"><meta itemprop=\"uploadDate\" content=\"2021-03-04T13:33:57-03:00\"><div style=\"width: 640px\" class=\"wp-video\"><video class=\"wp-video-shortcode\" id=\"video-927-15\" width=\"640\" height=\"352\" poster=\"https:\/\/congressinterceei.com\/iaseie\/wp-content\/uploads\/2021\/03\/WhatsApp-Video-2021-02-24-at-22.42.55_thumb2.jpg\" preload=\"metadata\" controls=\"controls\"><source type=\"video\/mp4\" src=\"https:\/\/congressinterceei.com\/iaseie\/wp-content\/uploads\/2021\/03\/WhatsApp-Video-2021-02-24-at-22.42.55.mp4?_=15\" \/><a href=\"https:\/\/congressinterceei.com\/iaseie\/wp-content\/uploads\/2021\/03\/WhatsApp-Video-2021-02-24-at-22.42.55.mp4\">https:\/\/congressinterceei.com\/iaseie\/wp-content\/uploads\/2021\/03\/WhatsApp-Video-2021-02-24-at-22.42.55.mp4<\/a><\/video><\/div>\t\t\t<\/div>\n\t\t<\/div>\n\n\n<hr class=\"wp-block-separator\"\/>\n\n\n\n<div class=\"wp-block-media-text alignwide is-stacked-on-mobile\"><figure class=\"wp-block-media-text__media\"><img loading=\"lazy\" decoding=\"async\" width=\"683\" height=\"1024\" src=\"http:\/\/congressinterceei.com\/iaseie\/wp-content\/uploads\/2021\/03\/WhatsApp-Image-2021-02-26-at-09.32.45-683x1024.jpeg\" alt=\"\" class=\"wp-image-1059\" srcset=\"https:\/\/congressinterceei.com\/iaseie\/wp-content\/uploads\/2021\/03\/WhatsApp-Image-2021-02-26-at-09.32.45.jpeg 683w, https:\/\/congressinterceei.com\/iaseie\/wp-content\/uploads\/2021\/03\/WhatsApp-Image-2021-02-26-at-09.32.45-200x300.jpeg 200w\" sizes=\"(max-width: 683px) 100vw, 683px\" \/><\/figure><div class=\"wp-block-media-text__content\">\n<p class=\"has-text-color has-medium-font-size has-vivid-cyan-blue-color\"><br><strong>Camila de Siqueira Cardinelli <\/strong><\/p>\n\n\n\n<ul><li><em>Nascida em Juiz de Fora\/MG, atualmente mora em S\u00e3o Paulo\/SP.<\/em><\/li><li><em>Doutora em Ci\u00eancias pelo de Departamento de Gastroenterologia da Faculdade de Medicina da USP. Pesquisadora da \u00e1rea de Ci\u00eancia \u00f4mica na avalia\u00e7\u00e3o do metabolismo .<\/em><\/li><li><em>(11) 98939-9090<\/em><\/li><li><em>camilacardinelli@yahoo.com.br<\/em><\/li><\/ul>\n<\/div><\/div>\n\n\n<div id=\"kgvid_kgvid_15_wrapper\" class=\"kgvid_wrapper\">\n\t\t\t<div id=\"video_kgvid_15_div\" class=\"fitvidsignore kgvid_videodiv\" data-id=\"kgvid_15\" data-kgvid_video_vars=\"{&quot;id&quot;:&quot;kgvid_15&quot;,&quot;attachment_id&quot;:1060,&quot;player_type&quot;:&quot;WordPress Default&quot;,&quot;width&quot;:&quot;560&quot;,&quot;height&quot;:&quot;360&quot;,&quot;fullwidth&quot;:&quot;true&quot;,&quot;fixed_aspect&quot;:&quot;vertical&quot;,&quot;countable&quot;:true,&quot;count_views&quot;:&quot;start_complete&quot;,&quot;start&quot;:&quot;&quot;,&quot;autoplay&quot;:&quot;false&quot;,&quot;pauseothervideos&quot;:&quot;true&quot;,&quot;set_volume&quot;:&quot;1&quot;,&quot;muted&quot;:&quot;false&quot;,&quot;meta&quot;:false,&quot;endofvideooverlay&quot;:&quot;&quot;,&quot;resize&quot;:&quot;true&quot;,&quot;auto_res&quot;:&quot;automatic&quot;,&quot;pixel_ratio&quot;:&quot;true&quot;,&quot;right_click&quot;:&quot;on&quot;,&quot;playback_rate&quot;:&quot;false&quot;,&quot;title&quot;:&quot;WhatsApp Video 2021-02-26 at 09.32.45&quot;}\" itemprop=\"video\" itemscope itemtype=\"https:\/\/schema.org\/VideoObject\"><meta itemprop=\"thumbnailUrl\" content=\"https:\/\/congressinterceei.com\/iaseie\/wp-content\/uploads\/2021\/03\/WhatsApp-Video-2021-02-26-at-09.32.45_thumb2.jpg\"><meta itemprop=\"embedUrl\" content=\"https:\/\/congressinterceei.com\/iaseie\/?attachment_id=1060&#038;kgvid_video_embed%5Benable%5D=true\"><meta itemprop=\"contentUrl\" content=\"https:\/\/congressinterceei.com\/iaseie\/wp-content\/uploads\/2021\/03\/WhatsApp-Video-2021-02-26-at-09.32.45.mp4\"><meta itemprop=\"name\" content=\"WhatsApp Video 2021-02-26 at 09.32.45\"><meta itemprop=\"description\" content=\"Video\"><meta itemprop=\"uploadDate\" content=\"2021-03-04T13:42:56-03:00\"><div style=\"width: 560px\" class=\"wp-video\"><video class=\"wp-video-shortcode\" id=\"video-927-16\" width=\"560\" height=\"360\" poster=\"https:\/\/congressinterceei.com\/iaseie\/wp-content\/uploads\/2021\/03\/WhatsApp-Video-2021-02-26-at-09.32.45_thumb2.jpg\" preload=\"metadata\" controls=\"controls\"><source type=\"video\/mp4\" src=\"https:\/\/congressinterceei.com\/iaseie\/wp-content\/uploads\/2021\/03\/WhatsApp-Video-2021-02-26-at-09.32.45.mp4?_=16\" \/><a href=\"https:\/\/congressinterceei.com\/iaseie\/wp-content\/uploads\/2021\/03\/WhatsApp-Video-2021-02-26-at-09.32.45.mp4\">https:\/\/congressinterceei.com\/iaseie\/wp-content\/uploads\/2021\/03\/WhatsApp-Video-2021-02-26-at-09.32.45.mp4<\/a><\/video><\/div>\t\t\t<\/div>\n\t\t<\/div>\n\n\n<hr class=\"wp-block-separator\"\/>\n\n\n\n<div class=\"wp-block-media-text alignwide is-stacked-on-mobile\"><figure class=\"wp-block-media-text__media\"><img loading=\"lazy\" decoding=\"async\" width=\"682\" height=\"1024\" src=\"http:\/\/congressinterceei.com\/iaseie\/wp-content\/uploads\/2021\/03\/WhatsApp-Image-2021-02-26-at-09.44.26-682x1024.jpeg\" alt=\"\" class=\"wp-image-1063\" srcset=\"https:\/\/congressinterceei.com\/iaseie\/wp-content\/uploads\/2021\/03\/WhatsApp-Image-2021-02-26-at-09.44.26-682x1024.jpeg 682w, https:\/\/congressinterceei.com\/iaseie\/wp-content\/uploads\/2021\/03\/WhatsApp-Image-2021-02-26-at-09.44.26-200x300.jpeg 200w, https:\/\/congressinterceei.com\/iaseie\/wp-content\/uploads\/2021\/03\/WhatsApp-Image-2021-02-26-at-09.44.26-768x1152.jpeg 768w, https:\/\/congressinterceei.com\/iaseie\/wp-content\/uploads\/2021\/03\/WhatsApp-Image-2021-02-26-at-09.44.26.jpeg 853w\" sizes=\"(max-width: 682px) 100vw, 682px\" \/><\/figure><div class=\"wp-block-media-text__content\">\n<p class=\"has-text-color has-medium-font-size has-vivid-cyan-blue-color\"><br><strong>Werenna F Garcia Batista<\/strong><\/p>\n\n\n\n<ul><li><em>Nascida em Bragan\u00e7a\/PA, atualmente mora em S\u00e3o Paulo\/SP. <\/em><\/li><li><em>Doutora em Administra\u00e7\u00e3o de empresas. Pesquisadora da \u00e1rea de Diversidade Et\u00e1ria nas Organiza\u00e7\u00f5es.<\/em><\/li><li><em>(11) 94510-3396<\/em><\/li><li><em>werennagarcia@yahoo.com.br <\/em><\/li><\/ul>\n<\/div><\/div>\n\n\n<div id=\"kgvid_kgvid_16_wrapper\" class=\"kgvid_wrapper\">\n\t\t\t<div id=\"video_kgvid_16_div\" class=\"fitvidsignore kgvid_videodiv\" data-id=\"kgvid_16\" data-kgvid_video_vars=\"{&quot;id&quot;:&quot;kgvid_16&quot;,&quot;attachment_id&quot;:1064,&quot;player_type&quot;:&quot;WordPress Default&quot;,&quot;width&quot;:&quot;640&quot;,&quot;height&quot;:&quot;352&quot;,&quot;fullwidth&quot;:&quot;true&quot;,&quot;fixed_aspect&quot;:&quot;vertical&quot;,&quot;countable&quot;:true,&quot;count_views&quot;:&quot;start_complete&quot;,&quot;start&quot;:&quot;&quot;,&quot;autoplay&quot;:&quot;false&quot;,&quot;pauseothervideos&quot;:&quot;true&quot;,&quot;set_volume&quot;:&quot;1&quot;,&quot;muted&quot;:&quot;false&quot;,&quot;meta&quot;:false,&quot;endofvideooverlay&quot;:&quot;&quot;,&quot;resize&quot;:&quot;true&quot;,&quot;auto_res&quot;:&quot;automatic&quot;,&quot;pixel_ratio&quot;:&quot;true&quot;,&quot;right_click&quot;:&quot;on&quot;,&quot;playback_rate&quot;:&quot;false&quot;,&quot;title&quot;:&quot;WhatsApp Video 2021-02-26 at 09.44.26&quot;}\" itemprop=\"video\" itemscope itemtype=\"https:\/\/schema.org\/VideoObject\"><meta itemprop=\"thumbnailUrl\" content=\"https:\/\/congressinterceei.com\/iaseie\/wp-content\/uploads\/2021\/03\/WhatsApp-Video-2021-02-26-at-09.44.26_thumb2.jpg\"><meta itemprop=\"embedUrl\" content=\"https:\/\/congressinterceei.com\/iaseie\/?attachment_id=1064&#038;kgvid_video_embed%5Benable%5D=true\"><meta itemprop=\"contentUrl\" content=\"https:\/\/congressinterceei.com\/iaseie\/wp-content\/uploads\/2021\/03\/WhatsApp-Video-2021-02-26-at-09.44.26.mp4\"><meta itemprop=\"name\" content=\"WhatsApp Video 2021-02-26 at 09.44.26\"><meta itemprop=\"description\" content=\"Video\"><meta itemprop=\"uploadDate\" content=\"2021-03-04T13:48:17-03:00\"><div style=\"width: 640px\" class=\"wp-video\"><video class=\"wp-video-shortcode\" id=\"video-927-17\" width=\"640\" height=\"352\" poster=\"https:\/\/congressinterceei.com\/iaseie\/wp-content\/uploads\/2021\/03\/WhatsApp-Video-2021-02-26-at-09.44.26_thumb2.jpg\" preload=\"metadata\" controls=\"controls\"><source type=\"video\/mp4\" src=\"https:\/\/congressinterceei.com\/iaseie\/wp-content\/uploads\/2021\/03\/WhatsApp-Video-2021-02-26-at-09.44.26.mp4?_=17\" \/><a href=\"https:\/\/congressinterceei.com\/iaseie\/wp-content\/uploads\/2021\/03\/WhatsApp-Video-2021-02-26-at-09.44.26.mp4\">https:\/\/congressinterceei.com\/iaseie\/wp-content\/uploads\/2021\/03\/WhatsApp-Video-2021-02-26-at-09.44.26.mp4<\/a><\/video><\/div>\t\t\t<\/div>\n\t\t<\/div>\n\n\n<hr class=\"wp-block-separator\"\/>\n\n\n\n<div class=\"wp-block-media-text alignwide is-stacked-on-mobile\"><figure class=\"wp-block-media-text__media\"><img loading=\"lazy\" decoding=\"async\" width=\"768\" height=\"1024\" src=\"http:\/\/congressinterceei.com\/iaseie\/wp-content\/uploads\/2021\/03\/WhatsApp-Image-2021-02-26-at-09.58.58-768x1024.jpeg\" alt=\"\" class=\"wp-image-1067\" srcset=\"https:\/\/congressinterceei.com\/iaseie\/wp-content\/uploads\/2021\/03\/WhatsApp-Image-2021-02-26-at-09.58.58-768x1024.jpeg 768w, https:\/\/congressinterceei.com\/iaseie\/wp-content\/uploads\/2021\/03\/WhatsApp-Image-2021-02-26-at-09.58.58-225x300.jpeg 225w, https:\/\/congressinterceei.com\/iaseie\/wp-content\/uploads\/2021\/03\/WhatsApp-Image-2021-02-26-at-09.58.58.jpeg 960w\" sizes=\"(max-width: 768px) 100vw, 768px\" \/><\/figure><div class=\"wp-block-media-text__content\">\n<p class=\"has-text-color has-medium-font-size has-vivid-cyan-blue-color\"><br><strong>Fabr\u00edcia Alexandrino<\/strong><\/p>\n\n\n\n<ul><li><em>Nasceu em S\u00e3o Paulo Capital e mora em Osasco\/SP.<\/em><\/li><li><em>Empreendedora e Life Coach Integral Sist\u00eamico, formada pela Febracis.<\/em><\/li><li><em>(11) 99283-6793<\/em><\/li><li><em>parafabricia@uol.com.br<\/em><\/li><\/ul>\n<\/div><\/div>\n\n\n<div id=\"kgvid_kgvid_17_wrapper\" class=\"kgvid_wrapper\">\n\t\t\t<div id=\"video_kgvid_17_div\" class=\"fitvidsignore kgvid_videodiv\" data-id=\"kgvid_17\" data-kgvid_video_vars=\"{&quot;id&quot;:&quot;kgvid_17&quot;,&quot;attachment_id&quot;:1068,&quot;player_type&quot;:&quot;WordPress Default&quot;,&quot;width&quot;:&quot;640&quot;,&quot;height&quot;:360,&quot;fullwidth&quot;:&quot;true&quot;,&quot;fixed_aspect&quot;:&quot;vertical&quot;,&quot;countable&quot;:true,&quot;count_views&quot;:&quot;start_complete&quot;,&quot;start&quot;:&quot;&quot;,&quot;autoplay&quot;:&quot;false&quot;,&quot;pauseothervideos&quot;:&quot;true&quot;,&quot;set_volume&quot;:&quot;1&quot;,&quot;muted&quot;:&quot;false&quot;,&quot;meta&quot;:false,&quot;endofvideooverlay&quot;:&quot;&quot;,&quot;resize&quot;:&quot;true&quot;,&quot;auto_res&quot;:&quot;automatic&quot;,&quot;pixel_ratio&quot;:&quot;true&quot;,&quot;right_click&quot;:&quot;on&quot;,&quot;playback_rate&quot;:&quot;false&quot;,&quot;title&quot;:&quot;20210225_231647&quot;}\" itemprop=\"video\" itemscope itemtype=\"https:\/\/schema.org\/VideoObject\"><meta itemprop=\"thumbnailUrl\" content=\"https:\/\/congressinterceei.com\/iaseie\/wp-content\/uploads\/2021\/03\/20210225_231647_thumb2.jpg\"><meta itemprop=\"embedUrl\" content=\"https:\/\/congressinterceei.com\/iaseie\/?attachment_id=1068&#038;kgvid_video_embed%5Benable%5D=true\"><meta itemprop=\"contentUrl\" content=\"https:\/\/congressinterceei.com\/iaseie\/wp-content\/uploads\/2021\/03\/20210225_231647.mp4\"><meta itemprop=\"name\" content=\"20210225_231647\"><meta itemprop=\"description\" content=\"Video\"><meta itemprop=\"uploadDate\" content=\"2021-03-04T13:54:39-03:00\"><div style=\"width: 640px\" class=\"wp-video\"><video class=\"wp-video-shortcode\" id=\"video-927-18\" width=\"640\" height=\"360\" poster=\"https:\/\/congressinterceei.com\/iaseie\/wp-content\/uploads\/2021\/03\/20210225_231647_thumb2.jpg\" preload=\"metadata\" controls=\"controls\"><source type=\"video\/mp4\" src=\"https:\/\/congressinterceei.com\/iaseie\/wp-content\/uploads\/2021\/03\/20210225_231647.mp4?_=18\" \/><a href=\"https:\/\/congressinterceei.com\/iaseie\/wp-content\/uploads\/2021\/03\/20210225_231647.mp4\">https:\/\/congressinterceei.com\/iaseie\/wp-content\/uploads\/2021\/03\/20210225_231647.mp4<\/a><\/video><\/div>\t\t\t<\/div>\n\t\t<\/div>\n\n\n<hr class=\"wp-block-separator\"\/>\n\n\n\n<div class=\"wp-block-media-text alignwide is-stacked-on-mobile\"><figure class=\"wp-block-media-text__media\"><img loading=\"lazy\" decoding=\"async\" width=\"460\" height=\"1024\" src=\"http:\/\/congressinterceei.com\/iaseie\/wp-content\/uploads\/2021\/03\/WhatsApp-Image-2021-02-28-at-08.45.35-460x1024.jpeg\" alt=\"\" class=\"wp-image-1071\" srcset=\"https:\/\/congressinterceei.com\/iaseie\/wp-content\/uploads\/2021\/03\/WhatsApp-Image-2021-02-28-at-08.45.35-460x1024.jpeg 460w, https:\/\/congressinterceei.com\/iaseie\/wp-content\/uploads\/2021\/03\/WhatsApp-Image-2021-02-28-at-08.45.35-135x300.jpeg 135w, https:\/\/congressinterceei.com\/iaseie\/wp-content\/uploads\/2021\/03\/WhatsApp-Image-2021-02-28-at-08.45.35.jpeg 575w\" sizes=\"(max-width: 460px) 100vw, 460px\" \/><\/figure><div class=\"wp-block-media-text__content\">\n<p class=\"has-text-color has-medium-font-size has-vivid-cyan-blue-color\"><br><strong>Michele Cristina Faustino da Silva Zanelli<\/strong><\/p>\n\n\n\n<ul><li><em>S\u00e3o Paulo\/SP.<\/em><\/li><li><em>Advogada especialista em rela\u00e7\u00f5es abusivas e Rela\u00e7\u00f5es Parentais.<\/em><\/li><li><em>(11) 93287-1433<\/em><\/li><li><em>michele.zanelli86@gmail.com<\/em><\/li><\/ul>\n<\/div><\/div>\n\n\n<div id=\"kgvid_kgvid_18_wrapper\" class=\"kgvid_wrapper\">\n\t\t\t<div id=\"video_kgvid_18_div\" class=\"fitvidsignore kgvid_videodiv\" data-id=\"kgvid_18\" data-kgvid_video_vars=\"{&quot;id&quot;:&quot;kgvid_18&quot;,&quot;attachment_id&quot;:1072,&quot;player_type&quot;:&quot;WordPress Default&quot;,&quot;width&quot;:&quot;640&quot;,&quot;height&quot;:&quot;352&quot;,&quot;fullwidth&quot;:&quot;true&quot;,&quot;fixed_aspect&quot;:&quot;vertical&quot;,&quot;countable&quot;:true,&quot;count_views&quot;:&quot;start_complete&quot;,&quot;start&quot;:&quot;&quot;,&quot;autoplay&quot;:&quot;false&quot;,&quot;pauseothervideos&quot;:&quot;true&quot;,&quot;set_volume&quot;:&quot;1&quot;,&quot;muted&quot;:&quot;false&quot;,&quot;meta&quot;:false,&quot;endofvideooverlay&quot;:&quot;&quot;,&quot;resize&quot;:&quot;true&quot;,&quot;auto_res&quot;:&quot;automatic&quot;,&quot;pixel_ratio&quot;:&quot;true&quot;,&quot;right_click&quot;:&quot;on&quot;,&quot;playback_rate&quot;:&quot;false&quot;,&quot;title&quot;:&quot;WhatsApp Video 2021-02-28 at 08.45.35&quot;}\" itemprop=\"video\" itemscope itemtype=\"https:\/\/schema.org\/VideoObject\"><meta itemprop=\"thumbnailUrl\" content=\"https:\/\/congressinterceei.com\/iaseie\/wp-content\/uploads\/2021\/03\/WhatsApp-Video-2021-02-28-at-08.45.35_thumb2.jpg\"><meta itemprop=\"embedUrl\" content=\"https:\/\/congressinterceei.com\/iaseie\/?attachment_id=1072&#038;kgvid_video_embed%5Benable%5D=true\"><meta itemprop=\"contentUrl\" content=\"https:\/\/congressinterceei.com\/iaseie\/wp-content\/uploads\/2021\/03\/WhatsApp-Video-2021-02-28-at-08.45.35.mp4\"><meta itemprop=\"name\" content=\"WhatsApp Video 2021-02-28 at 08.45.35\"><meta itemprop=\"description\" content=\"Video\"><meta itemprop=\"uploadDate\" content=\"2021-03-04T13:58:48-03:00\"><div style=\"width: 640px\" class=\"wp-video\"><video class=\"wp-video-shortcode\" id=\"video-927-19\" width=\"640\" height=\"352\" poster=\"https:\/\/congressinterceei.com\/iaseie\/wp-content\/uploads\/2021\/03\/WhatsApp-Video-2021-02-28-at-08.45.35_thumb2.jpg\" preload=\"metadata\" controls=\"controls\"><source type=\"video\/mp4\" src=\"https:\/\/congressinterceei.com\/iaseie\/wp-content\/uploads\/2021\/03\/WhatsApp-Video-2021-02-28-at-08.45.35.mp4?_=19\" \/><a href=\"https:\/\/congressinterceei.com\/iaseie\/wp-content\/uploads\/2021\/03\/WhatsApp-Video-2021-02-28-at-08.45.35.mp4\">https:\/\/congressinterceei.com\/iaseie\/wp-content\/uploads\/2021\/03\/WhatsApp-Video-2021-02-28-at-08.45.35.mp4<\/a><\/video><\/div>\t\t\t<\/div>\n\t\t<\/div>\n\n\n<hr class=\"wp-block-separator\"\/>\n","protected":false},"excerpt":{"rendered":"<p>O livro A\u00e7\u00e3o&amp;Supera\u00e7\u00e3o &#8211; Hist\u00f3rias de A\u00e7\u00e3o e Supera\u00e7\u00e3o da Turma 21 e Os 11 Pilares da Vida, coordenado pelos projetos da IASEIE, traz relatos ver\u00eddicos e emocionantes dos integrantes da Turma 21 de Forma\u00e7\u00e3o em Coaching Integral Sist\u00eamico da FEBRACIS. Em conjunto, decidiram abrir seus cora\u00e7\u00f5es, expor seus sentimentos, cren\u00e7as limitantes, valores e suas hist\u00f3rias de a\u00e7\u00e3o e supera\u00e7\u00e3o nos 11 Pilares da Vida, em 20 cap\u00edtulos deste livro. Hoje, todos vivem o extraordin\u00e1rio e voc\u00ea tamb\u00e9m pode viv\u00ea-lo. Buy in the USA Supera\u00e7\u00e3o Turma 21 GOLDEN BELT A IASEIE (Associa\u00e7\u00e3o Internacional de Ci\u00eancia, \u00c9tica e Educa\u00e7\u00e3o Integrada), est\u00e1 realizando com apoio da FCU (Florida Christian University de Orlando, USA) e da FEBRACIS de S\u00e3o Paulo e Campinas SP, um projeto de Forma\u00e7\u00e3o em Coaching Integral Sist\u00eamico na grade GOLDEN Belt, de um grupo de Coaches, da Turma 21 da FEBRACIS S\u00e3o Paulo, em 2021. A\u00c7\u00d5ES INTEGRADAS V\u00eddeos, Mini-Palestras, Cursos e E-Book.&nbsp; &nbsp; &nbsp;&nbsp;&nbsp; &nbsp; INTEGRANTES Teresinha Bispo de Lira Sousa Nasceu em Arapiraca-Al. Cresceu e mora em S\u00e3o Paulo SP. Psicopedagoga e Coach Cl\u00ednica &#8220;Espa\u00e7o Multiclinica&#8221;. (11) 94819-4180 tere.lira@uol.com.br Michely Santos Araujo Mentora de mulheres empreendedoras e Coach integral sist\u00eamico. Criadora do PROGRAMA MULHER PLENA. Nasceu e sempre morou em S\u00e3o Paulo SP. (11) 94587-4874 michelysantosaraujo4043@gmail.com \u00c2ngelo Rodrigo Tavares Pedro Nasceu e mora em Bauru SP. Coach integral sist\u00eamico. (14) 99124-0040 angelotavares1@hotmail.com Fernanda Cristina Feliciano Nasceu e mora em S\u00e3o Paulo SP. Enfermeira e Coach Integral Sist\u00eamico. (11) 98024-0475 fecfel@gmail.com.br Patr\u00edcia Aparecida Feliciano de Oliveira Nasci, cresci e moro em S\u00e3o Paulo SP. Contadora e Coach Integral Sist\u00eamico. (11) 91147-9070 pattyafel@gmail.com Reni Costa Cavalcante dos Santos Residente de Praia Grande, litoral de S\u00e3o Paulo. Master Coach Palestrante. (13) 99119-2900 renyc117@gmail.com Carla Aparecida Lopes Sorocaba\/SP. Professora e Coach Educacional. (15) 98840-1015 carlasorte13@gmail.com Christiane Aparecida Pereira Tabo\u00e3o da Serra\/SP. Life Coach e Contadora. (11) 97085-5691 christianecassiano@gmail.com Michelle Michi Ortega Suzuki S\u00e3o Paulo\/SP. Coach com foco no Desenvolvimento da Auto Estima Feminina. (11) 98415-0032 michellesuzuki@hotmail.com D\u00e9bora Pedrosa S\u00e3o Paulo\/SP. Coach e Palestrante pela Febracis. (11) 97994-8405 deborapedrosacoach@gmail.com Andr\u00e9ia Cristiane Peres Nasceu em Botucatu e mora em Osasco\/SP. Economista e Coach Integral Sist\u00eamico. (11) 99168-0952 peresandreia4@gmail.com Adriana Pereira Pinheiro dos Santos S\u00e3o Paulo\/SP. Especialista em Autoconhecimento Emocional e Estudante de Psicologia. (11) 99656-7271 pinheiroadri@gmail.com Igor Pacheco Cardoso S\u00e3o Paulo\/SP. Coach Integral Sist\u00eamico. (11) 93290-8501 igorpcardoso12@gmail.com Karina Furtado Moreira De Bras\u00edlia-DF, mora em S\u00e3o Paulo SP. Terapeuta Ocupacional e Integrativa. (11) 99232-0010 karimoreira@hotmail.com Geyse Alencar S\u00e3o Paulo\/SP. Jornalista e Coach Integral Sist\u00ebmico. (11) 99376-4614 geysealencar1@gmail.com Camila de Siqueira Cardinelli Nascida em Juiz de Fora\/MG, atualmente mora em S\u00e3o Paulo\/SP. Doutora em Ci\u00eancias pelo de Departamento de Gastroenterologia da Faculdade de Medicina da USP. Pesquisadora da \u00e1rea de Ci\u00eancia \u00f4mica na avalia\u00e7\u00e3o do metabolismo . (11) 98939-9090 camilacardinelli@yahoo.com.br Werenna F Garcia Batista Nascida em Bragan\u00e7a\/PA, atualmente mora em S\u00e3o Paulo\/SP. Doutora em Administra\u00e7\u00e3o de empresas. Pesquisadora da \u00e1rea de Diversidade Et\u00e1ria nas Organiza\u00e7\u00f5es. (11) 94510-3396 werennagarcia@yahoo.com.br Fabr\u00edcia Alexandrino Nasceu em S\u00e3o Paulo Capital e mora em Osasco\/SP. Empreendedora e Life Coach Integral Sist\u00eamico, formada pela Febracis. (11) 99283-6793 parafabricia@uol.com.br Michele Cristina Faustino da Silva Zanelli S\u00e3o Paulo\/SP. Advogada especialista em rela\u00e7\u00f5es abusivas e Rela\u00e7\u00f5es Parentais. (11) 93287-1433 michele.zanelli86@gmail.com<\/p>\n","protected":false},"author":1,"featured_media":0,"parent":0,"menu_order":0,"comment_status":"open","ping_status":"closed","template":"","meta":{"footnotes":""},"yoast_head":"<!-- This site is optimized with the Yoast SEO plugin v22.6 - https:\/\/yoast.com\/wordpress\/plugins\/seo\/ -->\n<title>e-book A\u00c7\u00c3O &amp; SUPERA\u00c7\u00c3O - IASEIE<\/title>\n<meta name=\"robots\" content=\"index, follow, max-snippet:-1, max-image-preview:large, max-video-preview:-1\" \/>\n<link rel=\"canonical\" href=\"https:\/\/congressinterceei.com\/iaseie\/index.php\/projeto-turma-21-formacao-golden-belt-sp\/\" \/>\n<meta property=\"og:locale\" content=\"en_US\" \/>\n<meta property=\"og:type\" content=\"article\" \/>\n<meta property=\"og:title\" content=\"e-book A\u00c7\u00c3O &amp; SUPERA\u00c7\u00c3O - IASEIE\" \/>\n<meta property=\"og:description\" content=\"O livro A\u00e7\u00e3o&amp;Supera\u00e7\u00e3o &#8211; Hist\u00f3rias de A\u00e7\u00e3o e Supera\u00e7\u00e3o da Turma 21 e Os 11 Pilares da Vida, coordenado pelos projetos da IASEIE, traz relatos ver\u00eddicos e emocionantes dos integrantes da Turma 21 de Forma\u00e7\u00e3o em Coaching Integral Sist\u00eamico da FEBRACIS. Em conjunto, decidiram abrir seus cora\u00e7\u00f5es, expor seus sentimentos, cren\u00e7as limitantes, valores e suas hist\u00f3rias de a\u00e7\u00e3o e supera\u00e7\u00e3o nos 11 Pilares da Vida, em 20 cap\u00edtulos deste livro. Hoje, todos vivem o extraordin\u00e1rio e voc\u00ea tamb\u00e9m pode viv\u00ea-lo. Buy in the USA Supera\u00e7\u00e3o Turma 21 GOLDEN BELT A IASEIE (Associa\u00e7\u00e3o Internacional de Ci\u00eancia, \u00c9tica e Educa\u00e7\u00e3o Integrada), est\u00e1 realizando com apoio da FCU (Florida Christian University de Orlando, USA) e da FEBRACIS de S\u00e3o Paulo e Campinas SP, um projeto de Forma\u00e7\u00e3o em Coaching Integral Sist\u00eamico na grade GOLDEN Belt, de um grupo de Coaches, da Turma 21 da FEBRACIS S\u00e3o Paulo, em 2021. A\u00c7\u00d5ES INTEGRADAS V\u00eddeos, Mini-Palestras, Cursos e E-Book.&nbsp; &nbsp; &nbsp;&nbsp;&nbsp; &nbsp; INTEGRANTES Teresinha Bispo de Lira Sousa Nasceu em Arapiraca-Al. Cresceu e mora em S\u00e3o Paulo SP. Psicopedagoga e Coach Cl\u00ednica &#8220;Espa\u00e7o Multiclinica&#8221;. (11) 94819-4180 tere.lira@uol.com.br Michely Santos Araujo Mentora de mulheres empreendedoras e Coach integral sist\u00eamico. Criadora do PROGRAMA MULHER PLENA. Nasceu e sempre morou em S\u00e3o Paulo SP. (11) 94587-4874 michelysantosaraujo4043@gmail.com \u00c2ngelo Rodrigo Tavares Pedro Nasceu e mora em Bauru SP. Coach integral sist\u00eamico. (14) 99124-0040 angelotavares1@hotmail.com Fernanda Cristina Feliciano Nasceu e mora em S\u00e3o Paulo SP. Enfermeira e Coach Integral Sist\u00eamico. (11) 98024-0475 fecfel@gmail.com.br Patr\u00edcia Aparecida Feliciano de Oliveira Nasci, cresci e moro em S\u00e3o Paulo SP. Contadora e Coach Integral Sist\u00eamico. (11) 91147-9070 pattyafel@gmail.com Reni Costa Cavalcante dos Santos Residente de Praia Grande, litoral de S\u00e3o Paulo. Master Coach Palestrante. (13) 99119-2900 renyc117@gmail.com Carla Aparecida Lopes Sorocaba\/SP. Professora e Coach Educacional. (15) 98840-1015 carlasorte13@gmail.com Christiane Aparecida Pereira Tabo\u00e3o da Serra\/SP. Life Coach e Contadora. (11) 97085-5691 christianecassiano@gmail.com Michelle Michi Ortega Suzuki S\u00e3o Paulo\/SP. Coach com foco no Desenvolvimento da Auto Estima Feminina. (11) 98415-0032 michellesuzuki@hotmail.com D\u00e9bora Pedrosa S\u00e3o Paulo\/SP. Coach e Palestrante pela Febracis. (11) 97994-8405 deborapedrosacoach@gmail.com Andr\u00e9ia Cristiane Peres Nasceu em Botucatu e mora em Osasco\/SP. Economista e Coach Integral Sist\u00eamico. (11) 99168-0952 peresandreia4@gmail.com Adriana Pereira Pinheiro dos Santos S\u00e3o Paulo\/SP. Especialista em Autoconhecimento Emocional e Estudante de Psicologia. (11) 99656-7271 pinheiroadri@gmail.com Igor Pacheco Cardoso S\u00e3o Paulo\/SP. Coach Integral Sist\u00eamico. (11) 93290-8501 igorpcardoso12@gmail.com Karina Furtado Moreira De Bras\u00edlia-DF, mora em S\u00e3o Paulo SP. Terapeuta Ocupacional e Integrativa. (11) 99232-0010 karimoreira@hotmail.com Geyse Alencar S\u00e3o Paulo\/SP. Jornalista e Coach Integral Sist\u00ebmico. (11) 99376-4614 geysealencar1@gmail.com Camila de Siqueira Cardinelli Nascida em Juiz de Fora\/MG, atualmente mora em S\u00e3o Paulo\/SP. Doutora em Ci\u00eancias pelo de Departamento de Gastroenterologia da Faculdade de Medicina da USP. Pesquisadora da \u00e1rea de Ci\u00eancia \u00f4mica na avalia\u00e7\u00e3o do metabolismo . (11) 98939-9090 camilacardinelli@yahoo.com.br Werenna F Garcia Batista Nascida em Bragan\u00e7a\/PA, atualmente mora em S\u00e3o Paulo\/SP. Doutora em Administra\u00e7\u00e3o de empresas. Pesquisadora da \u00e1rea de Diversidade Et\u00e1ria nas Organiza\u00e7\u00f5es. (11) 94510-3396 werennagarcia@yahoo.com.br Fabr\u00edcia Alexandrino Nasceu em S\u00e3o Paulo Capital e mora em Osasco\/SP. Empreendedora e Life Coach Integral Sist\u00eamico, formada pela Febracis. (11) 99283-6793 parafabricia@uol.com.br Michele Cristina Faustino da Silva Zanelli S\u00e3o Paulo\/SP. Advogada especialista em rela\u00e7\u00f5es abusivas e Rela\u00e7\u00f5es Parentais. (11) 93287-1433 michele.zanelli86@gmail.com\" \/>\n<meta property=\"og:url\" content=\"https:\/\/congressinterceei.com\/iaseie\/index.php\/projeto-turma-21-formacao-golden-belt-sp\/\" \/>\n<meta property=\"og:site_name\" content=\"IASEIE\" \/>\n<meta property=\"article:publisher\" content=\"https:\/\/www.facebook.com\/internationalaseieusa\/\" \/>\n<meta property=\"article:modified_time\" content=\"2023-08-11T20:14:51+00:00\" \/>\n<meta property=\"og:image\" content=\"http:\/\/congressinterceei.com\/iaseie\/wp-content\/uploads\/2021\/03\/WhatsApp-Image-2021-03-24-at-12.36.07.jpeg\" \/>\n<meta name=\"twitter:card\" content=\"summary_large_image\" \/>\n<meta name=\"twitter:label1\" content=\"Est. reading time\" \/>\n\t<meta name=\"twitter:data1\" content=\"4 minutes\" \/>\n<script type=\"application\/ld+json\" class=\"yoast-schema-graph\">{\"@context\":\"https:\/\/schema.org\",\"@graph\":[{\"@type\":\"WebPage\",\"@id\":\"https:\/\/congressinterceei.com\/iaseie\/index.php\/projeto-turma-21-formacao-golden-belt-sp\/\",\"url\":\"https:\/\/congressinterceei.com\/iaseie\/index.php\/projeto-turma-21-formacao-golden-belt-sp\/\",\"name\":\"e-book A\u00c7\u00c3O & SUPERA\u00c7\u00c3O - IASEIE\",\"isPartOf\":{\"@id\":\"https:\/\/congressinterceei.com\/iaseie\/#website\"},\"primaryImageOfPage\":{\"@id\":\"https:\/\/congressinterceei.com\/iaseie\/index.php\/projeto-turma-21-formacao-golden-belt-sp\/#primaryimage\"},\"image\":{\"@id\":\"https:\/\/congressinterceei.com\/iaseie\/index.php\/projeto-turma-21-formacao-golden-belt-sp\/#primaryimage\"},\"thumbnailUrl\":\"http:\/\/congressinterceei.com\/iaseie\/wp-content\/uploads\/2021\/03\/WhatsApp-Image-2021-03-24-at-12.36.07.jpeg\",\"datePublished\":\"2021-03-02T17:03:53+00:00\",\"dateModified\":\"2023-08-11T20:14:51+00:00\",\"breadcrumb\":{\"@id\":\"https:\/\/congressinterceei.com\/iaseie\/index.php\/projeto-turma-21-formacao-golden-belt-sp\/#breadcrumb\"},\"inLanguage\":\"en-US\",\"potentialAction\":[{\"@type\":\"ReadAction\",\"target\":[\"https:\/\/congressinterceei.com\/iaseie\/index.php\/projeto-turma-21-formacao-golden-belt-sp\/\"]}]},{\"@type\":\"ImageObject\",\"inLanguage\":\"en-US\",\"@id\":\"https:\/\/congressinterceei.com\/iaseie\/index.php\/projeto-turma-21-formacao-golden-belt-sp\/#primaryimage\",\"url\":\"https:\/\/congressinterceei.com\/iaseie\/wp-content\/uploads\/2021\/03\/WhatsApp-Image-2021-03-24-at-12.36.07.jpeg\",\"contentUrl\":\"https:\/\/congressinterceei.com\/iaseie\/wp-content\/uploads\/2021\/03\/WhatsApp-Image-2021-03-24-at-12.36.07.jpeg\",\"width\":640,\"height\":995},{\"@type\":\"BreadcrumbList\",\"@id\":\"https:\/\/congressinterceei.com\/iaseie\/index.php\/projeto-turma-21-formacao-golden-belt-sp\/#breadcrumb\",\"itemListElement\":[{\"@type\":\"ListItem\",\"position\":1,\"name\":\"Home\",\"item\":\"https:\/\/congressinterceei.com\/iaseie\/\"},{\"@type\":\"ListItem\",\"position\":2,\"name\":\"e-book A\u00c7\u00c3O &#038; SUPERA\u00c7\u00c3O\"}]},{\"@type\":\"WebSite\",\"@id\":\"https:\/\/congressinterceei.com\/iaseie\/#website\",\"url\":\"https:\/\/congressinterceei.com\/iaseie\/\",\"name\":\"IASEIE\",\"description\":\"THE INTERNACIONAL ASSOCIATION OF SCIENCE, ETHICS AND INTEGRATED EDUCATION\",\"publisher\":{\"@id\":\"https:\/\/congressinterceei.com\/iaseie\/#organization\"},\"potentialAction\":[{\"@type\":\"SearchAction\",\"target\":{\"@type\":\"EntryPoint\",\"urlTemplate\":\"https:\/\/congressinterceei.com\/iaseie\/?s={search_term_string}\"},\"query-input\":\"required name=search_term_string\"}],\"inLanguage\":\"en-US\"},{\"@type\":\"Organization\",\"@id\":\"https:\/\/congressinterceei.com\/iaseie\/#organization\",\"name\":\"IASEIE - THE INTERNACIONAL ASSOCIATION OF SCIENCE, ETHICS AND INTEGRATED EDUCATION\",\"url\":\"https:\/\/congressinterceei.com\/iaseie\/\",\"logo\":{\"@type\":\"ImageObject\",\"inLanguage\":\"en-US\",\"@id\":\"https:\/\/congressinterceei.com\/iaseie\/#\/schema\/logo\/image\/\",\"url\":\"https:\/\/congressinterceei.com\/iaseie\/wp-content\/uploads\/2019\/09\/logo_iaseie.png\",\"contentUrl\":\"https:\/\/congressinterceei.com\/iaseie\/wp-content\/uploads\/2019\/09\/logo_iaseie.png\",\"width\":820,\"height\":450,\"caption\":\"IASEIE - THE INTERNACIONAL ASSOCIATION OF SCIENCE, ETHICS AND INTEGRATED EDUCATION\"},\"image\":{\"@id\":\"https:\/\/congressinterceei.com\/iaseie\/#\/schema\/logo\/image\/\"},\"sameAs\":[\"https:\/\/www.facebook.com\/internationalaseieusa\/\",\"https:\/\/www.youtube.com\/channel\/UCJ7efGfZQHrdxLj4Jscu6Vg\",\"https:\/\/www.instagram.com\/iaseieinternacional\"]}]}<\/script>\n<!-- \/ Yoast SEO plugin. -->","yoast_head_json":{"title":"e-book A\u00c7\u00c3O & SUPERA\u00c7\u00c3O - IASEIE","robots":{"index":"index","follow":"follow","max-snippet":"max-snippet:-1","max-image-preview":"max-image-preview:large","max-video-preview":"max-video-preview:-1"},"canonical":"https:\/\/congressinterceei.com\/iaseie\/index.php\/projeto-turma-21-formacao-golden-belt-sp\/","og_locale":"en_US","og_type":"article","og_title":"e-book A\u00c7\u00c3O & SUPERA\u00c7\u00c3O - IASEIE","og_description":"O livro A\u00e7\u00e3o&amp;Supera\u00e7\u00e3o &#8211; Hist\u00f3rias de A\u00e7\u00e3o e Supera\u00e7\u00e3o da Turma 21 e Os 11 Pilares da Vida, coordenado pelos projetos da IASEIE, traz relatos ver\u00eddicos e emocionantes dos integrantes da Turma 21 de Forma\u00e7\u00e3o em Coaching Integral Sist\u00eamico da FEBRACIS. Em conjunto, decidiram abrir seus cora\u00e7\u00f5es, expor seus sentimentos, cren\u00e7as limitantes, valores e suas hist\u00f3rias de a\u00e7\u00e3o e supera\u00e7\u00e3o nos 11 Pilares da Vida, em 20 cap\u00edtulos deste livro. Hoje, todos vivem o extraordin\u00e1rio e voc\u00ea tamb\u00e9m pode viv\u00ea-lo. Buy in the USA Supera\u00e7\u00e3o Turma 21 GOLDEN BELT A IASEIE (Associa\u00e7\u00e3o Internacional de Ci\u00eancia, \u00c9tica e Educa\u00e7\u00e3o Integrada), est\u00e1 realizando com apoio da FCU (Florida Christian University de Orlando, USA) e da FEBRACIS de S\u00e3o Paulo e Campinas SP, um projeto de Forma\u00e7\u00e3o em Coaching Integral Sist\u00eamico na grade GOLDEN Belt, de um grupo de Coaches, da Turma 21 da FEBRACIS S\u00e3o Paulo, em 2021. A\u00c7\u00d5ES INTEGRADAS V\u00eddeos, Mini-Palestras, Cursos e E-Book.&nbsp; &nbsp; &nbsp;&nbsp;&nbsp; &nbsp; INTEGRANTES Teresinha Bispo de Lira Sousa Nasceu em Arapiraca-Al. Cresceu e mora em S\u00e3o Paulo SP. Psicopedagoga e Coach Cl\u00ednica &#8220;Espa\u00e7o Multiclinica&#8221;. (11) 94819-4180 tere.lira@uol.com.br Michely Santos Araujo Mentora de mulheres empreendedoras e Coach integral sist\u00eamico. Criadora do PROGRAMA MULHER PLENA. Nasceu e sempre morou em S\u00e3o Paulo SP. (11) 94587-4874 michelysantosaraujo4043@gmail.com \u00c2ngelo Rodrigo Tavares Pedro Nasceu e mora em Bauru SP. Coach integral sist\u00eamico. (14) 99124-0040 angelotavares1@hotmail.com Fernanda Cristina Feliciano Nasceu e mora em S\u00e3o Paulo SP. Enfermeira e Coach Integral Sist\u00eamico. (11) 98024-0475 fecfel@gmail.com.br Patr\u00edcia Aparecida Feliciano de Oliveira Nasci, cresci e moro em S\u00e3o Paulo SP. Contadora e Coach Integral Sist\u00eamico. (11) 91147-9070 pattyafel@gmail.com Reni Costa Cavalcante dos Santos Residente de Praia Grande, litoral de S\u00e3o Paulo. Master Coach Palestrante. (13) 99119-2900 renyc117@gmail.com Carla Aparecida Lopes Sorocaba\/SP. Professora e Coach Educacional. (15) 98840-1015 carlasorte13@gmail.com Christiane Aparecida Pereira Tabo\u00e3o da Serra\/SP. Life Coach e Contadora. (11) 97085-5691 christianecassiano@gmail.com Michelle Michi Ortega Suzuki S\u00e3o Paulo\/SP. Coach com foco no Desenvolvimento da Auto Estima Feminina. (11) 98415-0032 michellesuzuki@hotmail.com D\u00e9bora Pedrosa S\u00e3o Paulo\/SP. Coach e Palestrante pela Febracis. (11) 97994-8405 deborapedrosacoach@gmail.com Andr\u00e9ia Cristiane Peres Nasceu em Botucatu e mora em Osasco\/SP. Economista e Coach Integral Sist\u00eamico. (11) 99168-0952 peresandreia4@gmail.com Adriana Pereira Pinheiro dos Santos S\u00e3o Paulo\/SP. Especialista em Autoconhecimento Emocional e Estudante de Psicologia. (11) 99656-7271 pinheiroadri@gmail.com Igor Pacheco Cardoso S\u00e3o Paulo\/SP. Coach Integral Sist\u00eamico. (11) 93290-8501 igorpcardoso12@gmail.com Karina Furtado Moreira De Bras\u00edlia-DF, mora em S\u00e3o Paulo SP. Terapeuta Ocupacional e Integrativa. (11) 99232-0010 karimoreira@hotmail.com Geyse Alencar S\u00e3o Paulo\/SP. Jornalista e Coach Integral Sist\u00ebmico. (11) 99376-4614 geysealencar1@gmail.com Camila de Siqueira Cardinelli Nascida em Juiz de Fora\/MG, atualmente mora em S\u00e3o Paulo\/SP. Doutora em Ci\u00eancias pelo de Departamento de Gastroenterologia da Faculdade de Medicina da USP. Pesquisadora da \u00e1rea de Ci\u00eancia \u00f4mica na avalia\u00e7\u00e3o do metabolismo . (11) 98939-9090 camilacardinelli@yahoo.com.br Werenna F Garcia Batista Nascida em Bragan\u00e7a\/PA, atualmente mora em S\u00e3o Paulo\/SP. Doutora em Administra\u00e7\u00e3o de empresas. Pesquisadora da \u00e1rea de Diversidade Et\u00e1ria nas Organiza\u00e7\u00f5es. (11) 94510-3396 werennagarcia@yahoo.com.br Fabr\u00edcia Alexandrino Nasceu em S\u00e3o Paulo Capital e mora em Osasco\/SP. Empreendedora e Life Coach Integral Sist\u00eamico, formada pela Febracis. (11) 99283-6793 parafabricia@uol.com.br Michele Cristina Faustino da Silva Zanelli S\u00e3o Paulo\/SP. Advogada especialista em rela\u00e7\u00f5es abusivas e Rela\u00e7\u00f5es Parentais. (11) 93287-1433 michele.zanelli86@gmail.com","og_url":"https:\/\/congressinterceei.com\/iaseie\/index.php\/projeto-turma-21-formacao-golden-belt-sp\/","og_site_name":"IASEIE","article_publisher":"https:\/\/www.facebook.com\/internationalaseieusa\/","article_modified_time":"2023-08-11T20:14:51+00:00","og_image":[{"url":"http:\/\/congressinterceei.com\/iaseie\/wp-content\/uploads\/2021\/03\/WhatsApp-Image-2021-03-24-at-12.36.07.jpeg"}],"twitter_card":"summary_large_image","twitter_misc":{"Est. reading time":"4 minutes"},"schema":{"@context":"https:\/\/schema.org","@graph":[{"@type":"WebPage","@id":"https:\/\/congressinterceei.com\/iaseie\/index.php\/projeto-turma-21-formacao-golden-belt-sp\/","url":"https:\/\/congressinterceei.com\/iaseie\/index.php\/projeto-turma-21-formacao-golden-belt-sp\/","name":"e-book A\u00c7\u00c3O & SUPERA\u00c7\u00c3O - IASEIE","isPartOf":{"@id":"https:\/\/congressinterceei.com\/iaseie\/#website"},"primaryImageOfPage":{"@id":"https:\/\/congressinterceei.com\/iaseie\/index.php\/projeto-turma-21-formacao-golden-belt-sp\/#primaryimage"},"image":{"@id":"https:\/\/congressinterceei.com\/iaseie\/index.php\/projeto-turma-21-formacao-golden-belt-sp\/#primaryimage"},"thumbnailUrl":"http:\/\/congressinterceei.com\/iaseie\/wp-content\/uploads\/2021\/03\/WhatsApp-Image-2021-03-24-at-12.36.07.jpeg","datePublished":"2021-03-02T17:03:53+00:00","dateModified":"2023-08-11T20:14:51+00:00","breadcrumb":{"@id":"https:\/\/congressinterceei.com\/iaseie\/index.php\/projeto-turma-21-formacao-golden-belt-sp\/#breadcrumb"},"inLanguage":"en-US","potentialAction":[{"@type":"ReadAction","target":["https:\/\/congressinterceei.com\/iaseie\/index.php\/projeto-turma-21-formacao-golden-belt-sp\/"]}]},{"@type":"ImageObject","inLanguage":"en-US","@id":"https:\/\/congressinterceei.com\/iaseie\/index.php\/projeto-turma-21-formacao-golden-belt-sp\/#primaryimage","url":"https:\/\/congressinterceei.com\/iaseie\/wp-content\/uploads\/2021\/03\/WhatsApp-Image-2021-03-24-at-12.36.07.jpeg","contentUrl":"https:\/\/congressinterceei.com\/iaseie\/wp-content\/uploads\/2021\/03\/WhatsApp-Image-2021-03-24-at-12.36.07.jpeg","width":640,"height":995},{"@type":"BreadcrumbList","@id":"https:\/\/congressinterceei.com\/iaseie\/index.php\/projeto-turma-21-formacao-golden-belt-sp\/#breadcrumb","itemListElement":[{"@type":"ListItem","position":1,"name":"Home","item":"https:\/\/congressinterceei.com\/iaseie\/"},{"@type":"ListItem","position":2,"name":"e-book A\u00c7\u00c3O &#038; SUPERA\u00c7\u00c3O"}]},{"@type":"WebSite","@id":"https:\/\/congressinterceei.com\/iaseie\/#website","url":"https:\/\/congressinterceei.com\/iaseie\/","name":"IASEIE","description":"THE INTERNACIONAL ASSOCIATION OF SCIENCE, ETHICS AND INTEGRATED EDUCATION","publisher":{"@id":"https:\/\/congressinterceei.com\/iaseie\/#organization"},"potentialAction":[{"@type":"SearchAction","target":{"@type":"EntryPoint","urlTemplate":"https:\/\/congressinterceei.com\/iaseie\/?s={search_term_string}"},"query-input":"required name=search_term_string"}],"inLanguage":"en-US"},{"@type":"Organization","@id":"https:\/\/congressinterceei.com\/iaseie\/#organization","name":"IASEIE - THE INTERNACIONAL ASSOCIATION OF SCIENCE, ETHICS AND INTEGRATED EDUCATION","url":"https:\/\/congressinterceei.com\/iaseie\/","logo":{"@type":"ImageObject","inLanguage":"en-US","@id":"https:\/\/congressinterceei.com\/iaseie\/#\/schema\/logo\/image\/","url":"https:\/\/congressinterceei.com\/iaseie\/wp-content\/uploads\/2019\/09\/logo_iaseie.png","contentUrl":"https:\/\/congressinterceei.com\/iaseie\/wp-content\/uploads\/2019\/09\/logo_iaseie.png","width":820,"height":450,"caption":"IASEIE - THE INTERNACIONAL ASSOCIATION OF SCIENCE, ETHICS AND INTEGRATED EDUCATION"},"image":{"@id":"https:\/\/congressinterceei.com\/iaseie\/#\/schema\/logo\/image\/"},"sameAs":["https:\/\/www.facebook.com\/internationalaseieusa\/","https:\/\/www.youtube.com\/channel\/UCJ7efGfZQHrdxLj4Jscu6Vg","https:\/\/www.instagram.com\/iaseieinternacional"]}]}},"_links":{"self":[{"href":"https:\/\/congressinterceei.com\/iaseie\/index.php\/wp-json\/wp\/v2\/pages\/927"}],"collection":[{"href":"https:\/\/congressinterceei.com\/iaseie\/index.php\/wp-json\/wp\/v2\/pages"}],"about":[{"href":"https:\/\/congressinterceei.com\/iaseie\/index.php\/wp-json\/wp\/v2\/types\/page"}],"author":[{"embeddable":true,"href":"https:\/\/congressinterceei.com\/iaseie\/index.php\/wp-json\/wp\/v2\/users\/1"}],"replies":[{"embeddable":true,"href":"https:\/\/congressinterceei.com\/iaseie\/index.php\/wp-json\/wp\/v2\/comments?post=927"}],"version-history":[{"count":94,"href":"https:\/\/congressinterceei.com\/iaseie\/index.php\/wp-json\/wp\/v2\/pages\/927\/revisions"}],"predecessor-version":[{"id":1359,"href":"https:\/\/congressinterceei.com\/iaseie\/index.php\/wp-json\/wp\/v2\/pages\/927\/revisions\/1359"}],"wp:attachment":[{"href":"https:\/\/congressinterceei.com\/iaseie\/index.php\/wp-json\/wp\/v2\/media?parent=927"}],"curies":[{"name":"wp","href":"https:\/\/api.w.org\/{rel}","templated":true}]}}